{"id":706,"date":"2020-12-09T09:26:36","date_gmt":"2020-12-09T08:26:36","guid":{"rendered":"https:\/\/cfai-bziv.ch\/?page_id=706"},"modified":"2025-12-22T20:32:00","modified_gmt":"2025-12-22T19:32:00","slug":"accueil","status":"publish","type":"page","link":"https:\/\/cfai-bziv.ch\/de\/","title":{"rendered":"Willkommen"},"content":{"rendered":"<div class=\"wpb-content-wrapper\"><p>[vc_row row_height_percent=&#8220;80&#8243; back_image=&#8220;826&#8243; parallax=&#8220;yes&#8220; kburns=&#8220;yes&#8220; overlay_color=&#8220;color-jevc&#8220; overlay_alpha=&#8220;10&#8243; gutter_size=&#8220;3&#8243; column_width_percent=&#8220;100&#8243; shift_y=&#8220;0&#8243; z_index=&#8220;0&#8243; medium_visibility=&#8220;yes&#8220; mobile_visibility=&#8220;yes&#8220; row_height_pixel=&#8220;600&#8243;][vc_column column_width_use_pixel=&#8220;yes&#8220; position_horizontal=&#8220;left&#8220; position_vertical=&#8220;middle&#8220; gutter_size=&#8220;3&#8243; style=&#8220;dark&#8220; overlay_alpha=&#8220;50&#8243; shift_x=&#8220;0&#8243; shift_y=&#8220;0&#8243; shift_y_down=&#8220;0&#8243; z_index=&#8220;0&#8243; medium_width=&#8220;0&#8243; mobile_width=&#8220;0&#8243; width=&#8220;1\/1&#8243; column_width_pixel=&#8220;800&#8243;][vc_custom_heading heading_semantic=&#8220;h1&#8243; text_size=&#8220;h1&#8243;]Bildungszentrum IV (BZIV)[\/vc_custom_heading][vc_button button_color=&#8220;accent&#8220; size=&#8220;btn-lg&#8220; border_width=&#8220;0&#8243; scale_mobile=&#8220;no&#8220; link=&#8220;url:https%3A%2F%2Fcfai-bziv.ch%2Fde%2Fregistrierung-anmeldung%2F|title:Registrierung-Anmeldung&#8220; button_color_type=&#8220;uncode-palette&#8220; uncode_shortcode_id=&#8220;154137&#8243;]Kursangebot und Anmeldung[\/vc_button][\/vc_column][\/vc_row][vc_row row_height_percent=&#8220;80&#8243; back_image=&#8220;801&#8243; kburns=&#8220;yes&#8220; overlay_color=&#8220;color-jevc&#8220; overlay_alpha=&#8220;10&#8243; gutter_size=&#8220;3&#8243; column_width_percent=&#8220;100&#8243; shift_y=&#8220;0&#8243; z_index=&#8220;0&#8243; desktop_visibility=&#8220;yes&#8220; row_height_pixel=&#8220;600&#8243;][vc_column column_width_use_pixel=&#8220;yes&#8220; position_horizontal=&#8220;left&#8220; gutter_size=&#8220;3&#8243; style=&#8220;dark&#8220; overlay_alpha=&#8220;50&#8243; shift_x=&#8220;0&#8243; shift_y=&#8220;0&#8243; shift_y_down=&#8220;0&#8243; z_index=&#8220;0&#8243; medium_width=&#8220;0&#8243; mobile_width=&#8220;0&#8243; width=&#8220;1\/1&#8243;][vc_custom_heading heading_semantic=&#8220;h1&#8243; text_size=&#8220;h1&#8243;]Bildungszentrum IV[\/vc_custom_heading][vc_button button_color=&#8220;accent&#8220; size=&#8220;btn-lg&#8220; border_width=&#8220;0&#8243; display=&#8220;inline&#8220; scale_mobile=&#8220;no&#8220; link=&#8220;url:https%3A%2F%2Fcfai-bziv.ch%2Fde%2Fregistrierung-anmeldung%2F|title:Registrierung-Anmeldung&#8220; button_color_type=&#8220;uncode-palette&#8220; uncode_shortcode_id=&#8220;209828&#8243;]Hier gehts zu unserem Kursangebot[\/vc_button][\/vc_column][\/vc_row][vc_row row_height_percent=&#8220;0&#8243; override_padding=&#8220;yes&#8220; h_padding=&#8220;2&#8243; top_padding=&#8220;0&#8243; bottom_padding=&#8220;2&#8243; overlay_alpha=&#8220;50&#8243; gutter_size=&#8220;3&#8243; column_width_percent=&#8220;100&#8243; shift_y=&#8220;-3&#8243; z_index=&#8220;0&#8243;][vc_column column_width_percent=&#8220;100&#8243; gutter_size=&#8220;3&#8243; overlay_alpha=&#8220;50&#8243; shift_x=&#8220;0&#8243; shift_y=&#8220;0&#8243; shift_y_down=&#8220;0&#8243; z_index=&#8220;0&#8243; medium_width=&#8220;0&#8243; mobile_width=&#8220;0&#8243; width=&#8220;1\/2&#8243;][\/vc_column][vc_column column_width_percent=&#8220;100&#8243; position_horizontal=&#8220;left&#8220; gutter_size=&#8220;3&#8243; override_padding=&#8220;yes&#8220; column_padding=&#8220;0&#8243; expand_height=&#8220;yes&#8220; back_color=&#8220;color-xsdn&#8220; overlay_alpha=&#8220;50&#8243; radius=&#8220;sm&#8220; shadow=&#8220;sm&#8220; shift_x=&#8220;0&#8243; shift_y=&#8220;0&#8243; shift_y_down=&#8220;0&#8243; z_index=&#8220;0&#8243; medium_visibility=&#8220;yes&#8220; medium_width=&#8220;0&#8243; mobile_width=&#8220;0&#8243; width=&#8220;1\/2&#8243;][uncode_index el_id=&#8220;index-169366&#8243; index_type=&#8220;carousel&#8220; loop=&#8220;size:100|order_by:date|post_type:post|categories:17|taxonomy_count:10&#8243; carousel_lg=&#8220;1&#8243; carousel_md=&#8220;1&#8243; carousel_sm=&#8220;1&#8243; gutter_size=&#8220;0&#8243; post_items=&#8220;title,text|full|200&#8243; carousel_interval=&#8220;5000&#8243; carousel_navspeed=&#8220;1000&#8243; carousel_loop=&#8220;yes&#8220; carousel_dots=&#8220;yes&#8220; carousel_dots_inside=&#8220;yes&#8220; carousel_dot_position=&#8220;right&#8220; carousel_dot_padding=&#8220;2&#8243; stage_padding=&#8220;0&#8243; single_back_color=&#8220;color-xsdn&#8220; single_shape=&#8220;round&#8220; single_overlay_opacity=&#8220;50&#8243; single_overlay_anim=&#8220;no&#8220; single_text_anim=&#8220;no&#8220; single_image_anim=&#8220;no&#8220; single_padding=&#8220;2&#8243; single_title_semantic=&#8220;h4&#8243; single_title_family=&#8220;font-116779&#8243; single_title_dimension=&#8220;h4&#8243; single_border=&#8220;yes&#8220; no_double_tap=&#8220;yes&#8220;][\/vc_column][\/vc_row][vc_row row_height_percent=&#8220;0&#8243; override_padding=&#8220;yes&#8220; h_padding=&#8220;2&#8243; top_padding=&#8220;0&#8243; bottom_padding=&#8220;2&#8243; overlay_alpha=&#8220;50&#8243; gutter_size=&#8220;3&#8243; column_width_percent=&#8220;100&#8243; shift_y=&#8220;0&#8243; z_index=&#8220;0&#8243;][vc_column column_width_use_pixel=&#8220;yes&#8220; position_horizontal=&#8220;left&#8220; gutter_size=&#8220;3&#8243; overlay_alpha=&#8220;50&#8243; shift_x=&#8220;0&#8243; shift_y=&#8220;0&#8243; shift_y_down=&#8220;0&#8243; z_index=&#8220;0&#8243; medium_width=&#8220;0&#8243; mobile_width=&#8220;0&#8243; width=&#8220;1\/1&#8243;][vc_custom_heading sub_lead=&#8220;yes&#8220;]Willkommen beim BZIV[\/vc_custom_heading][vc_column_text text_lead=&#8220;yes&#8220; uncode_shortcode_id=&#8220;127013&#8243;]Seit mehr als zwei Jahrzehnten ist das BZIV ein Schulungszentrum vor allem f\u00fcr Fachleute aus den IV- Stellen und dem BSV. Seit 2013 ist das BZIV auch ein \u00f6ffentlicher Partner f\u00fcr Institutionen oder Personen, die im Bereich der beruflichen Eingliederung, Invalidit\u00e4t und mit IV-Leistungen arbeiten.[\/vc_column_text][vc_empty_space empty_h=&#8220;2&#8243;][vc_button button_color=&#8220;color-144008&#8243; size=&#8220;btn-lg&#8220; hover_fx=&#8220;outlined&#8220; border_width=&#8220;0&#8243; display=&#8220;inline&#8220; scale_mobile=&#8220;no&#8220; width=&#8220;267&#8243; link=&#8220;url:https%3A%2F%2Fevents.cfai-bziv.ch%2Fportal%2F%3Flang%3Dde|title:Events|target:_blank&#8220; button_color_type=&#8220;uncode-palette&#8220; uncode_shortcode_id=&#8220;717563&#8243;]\u00d6ffentliche Kurse und Kurse f\u00fcr \u00c4rzte[\/vc_button][\/vc_column][\/vc_row][vc_row row_height_percent=&#8220;0&#8243; override_padding=&#8220;yes&#8220; h_padding=&#8220;2&#8243; top_padding=&#8220;2&#8243; bottom_padding=&#8220;3&#8243; overlay_alpha=&#8220;50&#8243; gutter_size=&#8220;4&#8243; column_width_percent=&#8220;100&#8243; shift_y=&#8220;0&#8243; z_index=&#8220;0&#8243;][vc_column column_width_percent=&#8220;90&#8243; position_horizontal=&#8220;left&#8220; gutter_size=&#8220;3&#8243; overlay_alpha=&#8220;50&#8243; shift_x=&#8220;0&#8243; shift_y=&#8220;0&#8243; shift_y_down=&#8220;0&#8243; z_index=&#8220;0&#8243; medium_width=&#8220;0&#8243; mobile_width=&#8220;0&#8243; width=&#8220;1\/3&#8243;][vc_single_image media=&#8220;447&#8243; media_width_use_pixel=&#8220;yes&#8220; media_width_pixel=&#8220;100&#8243;][vc_custom_heading heading_semantic=&#8220;h5&#8243; text_size=&#8220;h5&#8243; text_height=&#8220;fontheight-199618&#8243;]Bilden Sie sich in den verschiedenen Bereichen der Invalidenversicherung und der pers\u00f6nlichen Effizienz.[\/vc_custom_heading][\/vc_column][vc_column column_width_percent=&#8220;90&#8243; position_horizontal=&#8220;left&#8220; gutter_size=&#8220;3&#8243; overlay_alpha=&#8220;50&#8243; shift_x=&#8220;0&#8243; shift_y=&#8220;0&#8243; shift_y_down=&#8220;0&#8243; z_index=&#8220;0&#8243; medium_width=&#8220;0&#8243; mobile_width=&#8220;0&#8243; width=&#8220;1\/3&#8243;][vc_single_image media=&#8220;452&#8243; media_width_use_pixel=&#8220;yes&#8220; media_width_pixel=&#8220;109&#8243;][vc_custom_heading heading_semantic=&#8220;h5&#8243; text_size=&#8220;h5&#8243; text_height=&#8220;fontheight-199618&#8243;]Treffen Sie sich mit Kollegen aus anderen IV-Stellen oder anderen Berufen mit dem gleichen Ziel: eine L\u00f6sung zu finden, die auf die Bed\u00fcrfnisse jedes einzelnen Versicherten abgestimmt ist.[\/vc_custom_heading][\/vc_column][vc_column column_width_percent=&#8220;90&#8243; position_horizontal=&#8220;left&#8220; gutter_size=&#8220;3&#8243; overlay_alpha=&#8220;50&#8243; shift_x=&#8220;0&#8243; shift_y=&#8220;0&#8243; shift_y_down=&#8220;0&#8243; z_index=&#8220;0&#8243; medium_width=&#8220;0&#8243; mobile_width=&#8220;0&#8243; width=&#8220;1\/3&#8243;][vc_single_image media=&#8220;456&#8243; media_width_use_pixel=&#8220;yes&#8220; media_width_pixel=&#8220;80&#8243;][vc_custom_heading heading_semantic=&#8220;h5&#8243; text_size=&#8220;h5&#8243; text_height=&#8220;fontheight-199618&#8243;]Hinterfragen Sie Ihre Arbeitsgewohnheiten, entwickeln Sie Ihre F\u00e4higkeiten, eignen Sie sich neues Wissen an, seien Sie am Puls neuer Trends.[\/vc_custom_heading][\/vc_column][\/vc_row][vc_row row_height_percent=&#8220;0&#8243; override_padding=&#8220;yes&#8220; h_padding=&#8220;2&#8243; top_padding=&#8220;3&#8243; bottom_padding=&#8220;2&#8243; overlay_alpha=&#8220;50&#8243; gutter_size=&#8220;3&#8243; column_width_percent=&#8220;100&#8243; shift_y=&#8220;0&#8243; z_index=&#8220;0&#8243;][vc_column column_width_percent=&#8220;100&#8243; align_horizontal=&#8220;align_center&#8220; gutter_size=&#8220;3&#8243; overlay_alpha=&#8220;50&#8243; shift_x=&#8220;0&#8243; shift_y=&#8220;0&#8243; shift_y_down=&#8220;0&#8243; z_index=&#8220;0&#8243; medium_width=&#8220;0&#8243; mobile_width=&#8220;0&#8243; width=&#8220;1\/1&#8243;][vc_custom_heading uncode_shortcode_id=&#8220;131752&#8243;]Mehr als 100 unterschiedliche Themen verteilt auf ca. 300 Kurssitzungen.[\/vc_custom_heading][vc_button button_color=&#8220;accent&#8220; hover_fx=&#8220;outlined&#8220; outline=&#8220;yes&#8220; border_width=&#8220;0&#8243; scale_mobile=&#8220;no&#8220; width=&#8220;267&#8243; link=&#8220;url:https%3A%2F%2Fevents.cfai-bziv.ch%2Fportal%2F%3Flang%3Dde|title:Events|target:_blank&#8220; button_color_type=&#8220;uncode-palette&#8220; uncode_shortcode_id=&#8220;128872&#8243;]Unser Kursangebot[\/vc_button][\/vc_column][\/vc_row][vc_row row_height_percent=&#8220;0&#8243; overlay_alpha=&#8220;50&#8243; equal_height=&#8220;yes&#8220; gutter_size=&#8220;3&#8243; column_width_percent=&#8220;100&#8243; shift_y=&#8220;0&#8243; z_index=&#8220;0&#8243; content_parallax=&#8220;0&#8243; uncode_shortcode_id=&#8220;176313&#8243;][vc_column column_width_percent=&#8220;100&#8243; gutter_size=&#8220;2&#8243; override_padding=&#8220;yes&#8220; column_padding=&#8220;2&#8243; overlay_alpha=&#8220;50&#8243; radius=&#8220;sm&#8220; shadow=&#8220;sm&#8220; shift_x=&#8220;0&#8243; shift_y=&#8220;0&#8243; shift_y_down=&#8220;0&#8243; z_index=&#8220;0&#8243; medium_width=&#8220;0&#8243; mobile_width=&#8220;0&#8243; width=&#8220;1\/3&#8243; uncode_shortcode_id=&#8220;201600&#8243;][vc_single_image media=&#8220;837&#8243; media_width_percent=&#8220;100&#8243;][vc_custom_heading heading_semantic=&#8220;h4&#8243; text_size=&#8220;h4&#8243;]Einf\u00fchrung[\/vc_custom_heading][vc_separator sep_color=&#8220;accent&#8220; el_width=&#8220;100px&#8220; el_height=&#8220;3px&#8220;][vc_column_text]In den Einf\u00fchrungskursen werden Kenntnisse \u00fcber die juristischen und medizinischen Fachbegriffe sowie Grundkenntnisse zu den verschiedenen Behinderungen geschult.[\/vc_column_text][\/vc_column][vc_column column_width_percent=&#8220;100&#8243; gutter_size=&#8220;2&#8243; override_padding=&#8220;yes&#8220; column_padding=&#8220;2&#8243; overlay_alpha=&#8220;50&#8243; radius=&#8220;sm&#8220; shadow=&#8220;std&#8220; shift_x=&#8220;0&#8243; shift_y=&#8220;0&#8243; shift_y_down=&#8220;0&#8243; z_index=&#8220;0&#8243; medium_width=&#8220;0&#8243; mobile_width=&#8220;0&#8243; width=&#8220;1\/3&#8243; uncode_shortcode_id=&#8220;112635&#8243;][vc_single_image media=&#8220;835&#8243; media_width_percent=&#8220;100&#8243;][vc_custom_heading heading_semantic=&#8220;h4&#8243; text_size=&#8220;h4&#8243;]Verfahren[\/vc_custom_heading][vc_separator sep_color=&#8220;color-144008&#8243; el_width=&#8220;100px&#8220; el_height=&#8220;3px&#8220;][vc_column_text]In diesen Kursen erwerben die Mitarbeitenden spezifische Kenntnisse zur Abkl\u00e4rung, Invalidit\u00e4tsbemessung sowie weitere Bereiche.[\/vc_column_text][\/vc_column][vc_column column_width_percent=&#8220;100&#8243; gutter_size=&#8220;2&#8243; override_padding=&#8220;yes&#8220; column_padding=&#8220;2&#8243; overlay_alpha=&#8220;50&#8243; radius=&#8220;sm&#8220; shadow=&#8220;std&#8220; shift_x=&#8220;0&#8243; shift_y=&#8220;0&#8243; shift_y_down=&#8220;0&#8243; z_index=&#8220;0&#8243; medium_width=&#8220;0&#8243; mobile_width=&#8220;0&#8243; width=&#8220;1\/3&#8243; uncode_shortcode_id=&#8220;204395&#8243;][vc_single_image media=&#8220;839&#8243; media_width_percent=&#8220;100&#8243;][vc_custom_heading heading_semantic=&#8220;h4&#8243; text_size=&#8220;h4&#8243;]Eingliederung[\/vc_custom_heading][vc_separator sep_color=&#8220;color-208133&#8243; el_width=&#8220;100px&#8220; el_height=&#8220;3px&#8220;][vc_column_text]Eine grosse Auswahl an Grund- und Fortbildungskursen steht den Eingliederungsfachpersonen zur Verf\u00fcgung. Ausserdem eine Auswahl an Kursen zu den Hilfsmitteln.[\/vc_column_text][\/vc_column][\/vc_row][vc_row row_height_percent=&#8220;0&#8243; overlay_alpha=&#8220;50&#8243; equal_height=&#8220;yes&#8220; gutter_size=&#8220;3&#8243; column_width_percent=&#8220;100&#8243; shift_y=&#8220;0&#8243; z_index=&#8220;0&#8243; content_parallax=&#8220;0&#8243; uncode_shortcode_id=&#8220;112135&#8243;][vc_column column_width_percent=&#8220;100&#8243; gutter_size=&#8220;2&#8243; override_padding=&#8220;yes&#8220; column_padding=&#8220;2&#8243; overlay_alpha=&#8220;50&#8243; radius=&#8220;sm&#8220; shadow=&#8220;sm&#8220; shift_x=&#8220;0&#8243; shift_y=&#8220;0&#8243; shift_y_down=&#8220;0&#8243; z_index=&#8220;0&#8243; medium_width=&#8220;0&#8243; mobile_width=&#8220;0&#8243; width=&#8220;1\/3&#8243; uncode_shortcode_id=&#8220;201600&#8243;][vc_single_image media=&#8220;843&#8243; media_width_percent=&#8220;100&#8243;][vc_custom_heading heading_semantic=&#8220;h4&#8243; text_size=&#8220;h4&#8243;]Recht und Medizin[\/vc_custom_heading][vc_separator sep_color=&#8220;color-208133&#8243; el_width=&#8220;100px&#8220; el_height=&#8220;3px&#8220;][vc_column_text]In diesen Kursen erwerben die \u00c4rzte der verschiedenen Fachgebiete der Regionalen \u00e4rztlichen Dienste (RAD) Kenntnisse zur Versicherungsmedizin und anderen Bereichen.[\/vc_column_text][\/vc_column][vc_column column_width_percent=&#8220;100&#8243; gutter_size=&#8220;2&#8243; override_padding=&#8220;yes&#8220; column_padding=&#8220;2&#8243; overlay_alpha=&#8220;50&#8243; radius=&#8220;sm&#8220; shadow=&#8220;std&#8220; shift_x=&#8220;0&#8243; shift_y=&#8220;0&#8243; shift_y_down=&#8220;0&#8243; z_index=&#8220;0&#8243; medium_width=&#8220;0&#8243; mobile_width=&#8220;0&#8243; width=&#8220;1\/3&#8243; uncode_shortcode_id=&#8220;145842&#8243;][vc_single_image media=&#8220;841&#8243; media_width_percent=&#8220;100&#8243;][vc_custom_heading heading_semantic=&#8220;h4&#8243; text_size=&#8220;h4&#8243;]Pers\u00f6nliche Effizienz[\/vc_custom_heading][vc_separator sep_color=&#8220;accent&#8220; el_width=&#8220;100px&#8220; el_height=&#8220;3px&#8220;][vc_column_text]Allen Mitarbeitenden steht eine Auswahl an Kursen zur Verf\u00fcgung, die in Arbeitsorganisation, Kommunikation, Verhandlungen, kulturellen Unterschieden, Stressbew\u00e4ltigung, Teambildung, usw. weiterbilden.[\/vc_column_text][\/vc_column][vc_column column_width_percent=&#8220;100&#8243; gutter_size=&#8220;2&#8243; override_padding=&#8220;yes&#8220; column_padding=&#8220;2&#8243; overlay_alpha=&#8220;50&#8243; radius=&#8220;sm&#8220; shadow=&#8220;std&#8220; shift_x=&#8220;0&#8243; shift_y=&#8220;0&#8243; shift_y_down=&#8220;0&#8243; z_index=&#8220;0&#8243; medium_width=&#8220;0&#8243; mobile_width=&#8220;0&#8243; width=&#8220;1\/3&#8243; uncode_shortcode_id=&#8220;204395&#8243;][vc_single_image media=&#8220;847&#8243; media_width_percent=&#8220;100&#8243;][vc_custom_heading heading_semantic=&#8220;h4&#8243; text_size=&#8220;h4&#8243;]Ausbilder[\/vc_custom_heading][vc_separator sep_color=&#8220;color-144008&#8243; el_width=&#8220;100px&#8220; el_height=&#8220;3px&#8220;][vc_column_text]An Referententrainings und speziellen Kursen k\u00f6nnen die IV-internen Referentinnen und Referenten Kenntnisse in der Erwachsenenbildung erwerben und vertiefen.[\/vc_column_text][\/vc_column][\/vc_row][vc_row row_height_percent=&#8220;0&#8243; overlay_alpha=&#8220;50&#8243; equal_height=&#8220;yes&#8220; gutter_size=&#8220;3&#8243; column_width_percent=&#8220;100&#8243; shift_y=&#8220;0&#8243; z_index=&#8220;0&#8243; content_parallax=&#8220;0&#8243; uncode_shortcode_id=&#8220;112135&#8243;][vc_column column_width_percent=&#8220;100&#8243; gutter_size=&#8220;2&#8243; override_padding=&#8220;yes&#8220; column_padding=&#8220;2&#8243; overlay_alpha=&#8220;50&#8243; radius=&#8220;sm&#8220; shadow=&#8220;sm&#8220; shift_x=&#8220;0&#8243; shift_y=&#8220;0&#8243; shift_y_down=&#8220;0&#8243; z_index=&#8220;0&#8243; medium_width=&#8220;0&#8243; mobile_width=&#8220;0&#8243; width=&#8220;1\/3&#8243; uncode_shortcode_id=&#8220;201600&#8243;][vc_single_image media=&#8220;845&#8243; media_width_percent=&#8220;100&#8243;][vc_custom_heading heading_semantic=&#8220;h4&#8243; text_size=&#8220;h4&#8243;]Spezialkurse IV-Stelle[\/vc_custom_heading][vc_separator sep_color=&#8220;color-144008&#8243; el_width=&#8220;100px&#8220; el_height=&#8220;3px&#8220;][vc_column_text]Die IV-Stellen haben die M\u00f6glichkeit f\u00fcr ihre Mitarbeitenden einen IV internen Kurs zu einem spezifischen Thema zu beantragen.[\/vc_column_text][\/vc_column][vc_column column_width_percent=&#8220;100&#8243; gutter_size=&#8220;2&#8243; override_padding=&#8220;yes&#8220; column_padding=&#8220;2&#8243; overlay_alpha=&#8220;50&#8243; radius=&#8220;sm&#8220; shadow=&#8220;std&#8220; shift_x=&#8220;0&#8243; shift_y=&#8220;0&#8243; shift_y_down=&#8220;0&#8243; z_index=&#8220;0&#8243; medium_width=&#8220;0&#8243; mobile_width=&#8220;0&#8243; width=&#8220;1\/3&#8243; uncode_shortcode_id=&#8220;104609&#8243;][vc_single_image media=&#8220;849&#8243; media_width_percent=&#8220;100&#8243;][vc_custom_heading heading_semantic=&#8220;h4&#8243; text_size=&#8220;h4&#8243;]\u00d6ffentliche Kurse[\/vc_custom_heading][vc_separator sep_color=&#8220;color-208133&#8243; el_width=&#8220;100px&#8220; el_height=&#8220;3px&#8220;][vc_column_text]Das BZIV bietet Fachleuten und Partnern der IV eine Auswahl an Kursen an. Diese spezifischen und gemischten Kurse (Teilnehmende aus IV-Stellen und Externe) sind f\u00fcr Personen bestimmt, die sich IV-Fachkenntnisse aneignen wollen.[\/vc_column_text][\/vc_column][vc_column column_width_percent=&#8220;100&#8243; gutter_size=&#8220;2&#8243; override_padding=&#8220;yes&#8220; column_padding=&#8220;2&#8243; overlay_alpha=&#8220;50&#8243; radius=&#8220;sm&#8220; shadow=&#8220;std&#8220; shift_x=&#8220;0&#8243; shift_y=&#8220;0&#8243; shift_y_down=&#8220;0&#8243; z_index=&#8220;0&#8243; medium_width=&#8220;0&#8243; mobile_width=&#8220;0&#8243; width=&#8220;1\/3&#8243; uncode_shortcode_id=&#8220;204395&#8243;][vc_single_image media=&#8220;355&#8243; media_width_percent=&#8220;100&#8243;][vc_custom_heading heading_semantic=&#8220;h4&#8243; text_size=&#8220;h4&#8243;]Tagungen[\/vc_custom_heading][vc_separator sep_color=&#8220;accent&#8220; el_width=&#8220;100px&#8220; el_height=&#8220;3px&#8220;][vc_column_text]Das BZIV organisiert j\u00e4hrliche Fachtagungen, die sich an alle oder einen Teil der Mitarbeitenden der IV-Stellen richten.[\/vc_column_text][\/vc_column][\/vc_row][vc_row row_height_percent=&#8220;0&#8243; overlay_alpha=&#8220;50&#8243; equal_height=&#8220;yes&#8220; gutter_size=&#8220;3&#8243; column_width_percent=&#8220;100&#8243; shift_y=&#8220;0&#8243; z_index=&#8220;0&#8243; content_parallax=&#8220;0&#8243; uncode_shortcode_id=&#8220;112135&#8243;][vc_column column_width_percent=&#8220;100&#8243; gutter_size=&#8220;2&#8243; override_padding=&#8220;yes&#8220; column_padding=&#8220;2&#8243; overlay_alpha=&#8220;50&#8243; radius=&#8220;sm&#8220; shadow=&#8220;sm&#8220; shift_x=&#8220;0&#8243; shift_y=&#8220;0&#8243; shift_y_down=&#8220;0&#8243; z_index=&#8220;0&#8243; medium_width=&#8220;0&#8243; mobile_width=&#8220;0&#8243; width=&#8220;1\/3&#8243; uncode_shortcode_id=&#8220;201600&#8243;][vc_single_image media=&#8220;851&#8243; media_width_percent=&#8220;100&#8243;][vc_custom_heading heading_semantic=&#8220;h4&#8243; text_size=&#8220;h4&#8243;]Tempor\u00e4re Kurse[\/vc_custom_heading][vc_separator sep_color=&#8220;accent&#8220; el_width=&#8220;100px&#8220; el_height=&#8220;3px&#8220;][vc_column_text]Es handelt sich um Kurse, die punktuell und f\u00fcr eine beschr\u00e4nkte Zeit angeboten werden (z.B. Kurse im Zusammenhang mit einer Gesetz-Revision oder einer \u00c4nderung der Rechtsprechung).[\/vc_column_text][\/vc_column][vc_column column_width_percent=&#8220;100&#8243; gutter_size=&#8220;2&#8243; override_padding=&#8220;yes&#8220; column_padding=&#8220;2&#8243; overlay_alpha=&#8220;50&#8243; radius=&#8220;sm&#8220; shadow=&#8220;std&#8220; shift_x=&#8220;0&#8243; shift_y=&#8220;0&#8243; shift_y_down=&#8220;0&#8243; z_index=&#8220;0&#8243; medium_width=&#8220;0&#8243; mobile_width=&#8220;0&#8243; width=&#8220;1\/3&#8243; uncode_shortcode_id=&#8220;651459&#8243;][vc_single_image media=&#8220;853&#8243; media_width_percent=&#8220;100&#8243;][vc_custom_heading heading_semantic=&#8220;h4&#8243; text_size=&#8220;h4&#8243;]Kundenspezifische Kurse[\/vc_custom_heading][vc_separator sep_color=&#8220;color-144008&#8243; el_width=&#8220;100px&#8220; el_height=&#8220;3px&#8220;][vc_column_text]Massgeschneiderte L\u00f6sungen f\u00fcr Partner\/Unternehmen<br \/>\nSie sind\u2026<br \/>\n&#8211; Ein Partner der IV?<br \/>\n&#8211; Auf dem Gebiet der beruflichen Eingliederung t\u00e4tig?<br \/>\n&#8211; An IV-Fachkenntnissen interessiert<\/p>\n<p>Z\u00f6gern Sie nicht, uns Ihre Bed\u00fcrfnisse mitzuteilen.[\/vc_column_text][vc_button button_color=&#8220;accent&#8220; hover_fx=&#8220;outlined&#8220; outline=&#8220;yes&#8220; border_width=&#8220;0&#8243; scale_mobile=&#8220;no&#8220; link=&#8220;url:https%3A%2F%2Fcfai-bziv.ch%2Fde%2Fkontakt%2F|target:_blank&#8220; width=&#8220;267&#8243;]KONTAKTFORMULAR[\/vc_button][\/vc_column][vc_column column_width_percent=&#8220;100&#8243; gutter_size=&#8220;2&#8243; override_padding=&#8220;yes&#8220; column_padding=&#8220;2&#8243; overlay_alpha=&#8220;50&#8243; radius=&#8220;sm&#8220; shadow=&#8220;std&#8220; shift_x=&#8220;0&#8243; shift_y=&#8220;0&#8243; shift_y_down=&#8220;0&#8243; z_index=&#8220;0&#8243; medium_width=&#8220;0&#8243; mobile_width=&#8220;0&#8243; width=&#8220;1\/3&#8243; uncode_shortcode_id=&#8220;204395&#8243;][vc_single_image media=&#8220;1202&#8243; media_width_percent=&#8220;100&#8243;][vc_custom_heading heading_semantic=&#8220;h4&#8243; text_size=&#8220;h4&#8243;]Infoveranstaltungen[\/vc_custom_heading][vc_separator sep_color=&#8220;color-208133&#8243; el_width=&#8220;100px&#8220; el_height=&#8220;3px&#8220;][vc_column_text]Infoveranstaltungen f\u00fcr IV-Mitarbeitende und f\u00fcr Partner der IV-Stellen, \u00c4rzte, usw (z.B. Gesetzes\u00e4nderungen, usw.)[\/vc_column_text][\/vc_column][\/vc_row][vc_row row_height_percent=&#8220;0&#8243; override_padding=&#8220;yes&#8220; h_padding=&#8220;2&#8243; top_padding=&#8220;5&#8243; bottom_padding=&#8220;5&#8243; back_color=&#8220;accent&#8220; overlay_alpha=&#8220;50&#8243; gutter_size=&#8220;3&#8243; column_width_percent=&#8220;100&#8243; shift_y=&#8220;0&#8243; z_index=&#8220;0&#8243; enable_top_divider=&#8220;default&#8220; shape_top_invert=&#8220;yes&#8220; shape_top_h_use_pixel=&#8220;&#8220; shape_top_height=&#8220;60&#8243; shape_top_opacity=&#8220;100&#8243; shape_top_index=&#8220;0&#8243; uncode_shortcode_id=&#8220;731684&#8243; back_color_type=&#8220;uncode-palette&#8220; row_name=&#8220;#oeffentliche-kurse&#8220;][vc_column column_width_use_pixel=&#8220;yes&#8220; position_vertical=&#8220;middle&#8220; align_horizontal=&#8220;align_center&#8220; gutter_size=&#8220;3&#8243; style=&#8220;dark&#8220; overlay_alpha=&#8220;50&#8243; shift_x=&#8220;0&#8243; shift_y=&#8220;0&#8243; shift_y_down=&#8220;0&#8243; z_index=&#8220;0&#8243; medium_width=&#8220;0&#8243; mobile_width=&#8220;0&#8243; width=&#8220;1\/1&#8243; column_width_pixel=&#8220;1300&#8243;][vc_custom_heading sub_lead=&#8220;yes&#8220; subheading=&#8220;Das BZIV bietet Fachleuten die M\u00f6glichkeit, die von unseren Ausbildern angebotenen Kurse zu besuchen. Diese spezifischen und gemischten Kurse (Teilnehmer aus IV-Stellen und externen Unternehmen) richten sich an Personen, die sich in das Thema Invaliden-Versicherung einarbeiten m\u00f6chten. \u00d6ffentliche Kurse werden jedes Jahr angeboten.&#8220;]Unser \u00f6ffentliches Kursangebot[\/vc_custom_heading][vc_empty_space empty_h=&#8220;2&#8243;][vc_button button_color=&#8220;color-208133&#8243; size=&#8220;btn-lg&#8220; border_width=&#8220;0&#8243; display=&#8220;inline&#8220; scale_mobile=&#8220;no&#8220; width=&#8220;267&#8243; link=&#8220;url:https%3A%2F%2Fcfai-bziv.ch%2Fwp-content%2Fuploads%2F2021%2F11%2FFlyer_A4_web_DE_211115_R.pdf|target:_blank&#8220; button_color_type=&#8220;uncode-palette&#8220; uncode_shortcode_id=&#8220;900809&#8243;]Prospekt herunterladen[\/vc_button][\/vc_column][\/vc_row][vc_row][vc_column column_width_percent=&#8220;100&#8243; gutter_size=&#8220;2&#8243; override_padding=&#8220;yes&#8220; column_padding=&#8220;2&#8243; overlay_alpha=&#8220;50&#8243; radius=&#8220;sm&#8220; shadow=&#8220;std&#8220; shift_x=&#8220;0&#8243; shift_y=&#8220;0&#8243; shift_y_down=&#8220;0&#8243; z_index=&#8220;0&#8243; medium_width=&#8220;0&#8243; mobile_width=&#8220;0&#8243; width=&#8220;1\/2&#8243; uncode_shortcode_id=&#8220;158365&#8243;][vc_custom_heading heading_semantic=&#8220;h4&#8243; text_size=&#8220;h4&#8243;]Pr\u00e4senzunterricht \/ Fernlehrg\u00e4nge[\/vc_custom_heading][vc_separator sep_color=&#8220;color-208133&#8243; el_width=&#8220;100px&#8220; el_height=&#8220;3px&#8220;][vc_column_text]Unsere Kurse sind so konzipiert, dass sie f\u00fcr Berufst\u00e4tige so gut wie m\u00f6glich zug\u00e4nglich sind. Deshalb werden Zeitpl\u00e4ne und Orte an die zeitlichen und reisebedingten Einschr\u00e4nkungen der Teilnehmenden angepasst. Sie werden haupts\u00e4chlich in der Mitte der Woche oder in Bl\u00f6cken von einigen aufeinanderfolgenden Tagen organisiert und sind an Ihre berufliche T\u00e4tigkeit angepasst.<\/p>\n<p>Einige Kurse haben ein Blended-Learning-Format, welches es erm\u00f6glicht, einen Teil der Schulung aus der Ferne, \u00fcber eine Online-Schulungsplattform (E-Learning-Module) und einen Teil im Pr\u00e4senzunterricht zu absolvieren.<\/p>\n<p>Seit Herbst 2020 bieten wir auch Online-Kurse an.[\/vc_column_text][\/vc_column][vc_column column_width_percent=&#8220;100&#8243; gutter_size=&#8220;2&#8243; override_padding=&#8220;yes&#8220; column_padding=&#8220;2&#8243; overlay_alpha=&#8220;50&#8243; radius=&#8220;sm&#8220; shadow=&#8220;std&#8220; shift_x=&#8220;0&#8243; shift_y=&#8220;0&#8243; shift_y_down=&#8220;0&#8243; z_index=&#8220;0&#8243; medium_width=&#8220;0&#8243; mobile_width=&#8220;0&#8243; width=&#8220;1\/2&#8243; uncode_shortcode_id=&#8220;162718&#8243;][vc_custom_heading heading_semantic=&#8220;h4&#8243; text_size=&#8220;h4&#8243;]Massgeschneiderte L\u00f6sungen f\u00fcr Partner \/ Unternehmen[\/vc_custom_heading][vc_separator sep_color=&#8220;color-144008&#8243; el_width=&#8220;100px&#8220; el_height=&#8220;3px&#8220;][vc_column_text]Sie sind&#8230;<\/p>\n<ul>\n<li>ein Partner der IV ?<\/li>\n<li>im Bereich der beruflichen Integration t\u00e4tig ?<\/li>\n<li>an den angesprochenen Themen interessiert ?<\/li>\n<\/ul>\n<p>[\/vc_column_text][vc_button button_color=&#8220;accent&#8220; hover_fx=&#8220;outlined&#8220; outline=&#8220;yes&#8220; border_width=&#8220;0&#8243; scale_mobile=&#8220;no&#8220; width=&#8220;267&#8243; link=&#8220;url:https%3A%2F%2Fcfai-bziv.ch%2Fde%2Fkontakt%2F|title:Kontakt&#8220;]Kontaktieren Sie uns f\u00fcr ein auf Ihre Bed\u00fcrfnisse zugeschnittenes Angebot[\/vc_button][\/vc_column][\/vc_row]<\/p>\n<\/div>","protected":false},"excerpt":{"rendered":"<p>[vc_row row_height_percent=&#8220;80&#8243; back_image=&#8220;826&#8243; parallax=&#8220;yes&#8220; kburns=&#8220;yes&#8220; overlay_color=&#8220;color-jevc&#8220; overlay_alpha=&#8220;10&#8243; gutter_size=&#8220;3&#8243; column_width_percent=&#8220;100&#8243; shift_y=&#8220;0&#8243; z_index=&#8220;0&#8243; medium_visibility=&#8220;yes&#8220; mobile_visibility=&#8220;yes&#8220; row_height_pixel=&#8220;600&#8243;][vc_column column_width_use_pixel=&#8220;yes&#8220; position_horizontal=&#8220;left&#8220; position_vertical=&#8220;middle&#8220; gutter_size=&#8220;3&#8243; style=&#8220;dark&#8220; overlay_alpha=&#8220;50&#8243; [&hellip;]<\/p>\n","protected":false},"author":2,"featured_media":0,"parent":0,"menu_order":0,"comment_status":"closed","ping_status":"closed","template":"","meta":{"footnotes":""},"class_list":["post-706","page","type-page","status-publish","hentry","page_category-accueil-2"],"yoast_head":"<!-- This site is optimized with the Yoast SEO plugin v27.5 - https:\/\/yoast.com\/product\/yoast-seo-wordpress\/ -->\n<title>Bildungszentrum IV (BZIV) - Willkommen<\/title>\n<meta name=\"description\" content=\"Seit mehr als zwei Jahrzehnten ist das BZIV ein Schulungszentrum vor allem f\u00fcr Fachleute aus den IV- Stellen und dem BSV.Seit 2013 ist das BZIV auch ein \u00f6ffentlicher Partner f\u00fcr Institutionen oder Personen, die im Bereich der beruflichen Eingliederung, Invalidit\u00e4t und mit IV-Leistungen arbeiten.\" \/>\n<meta name=\"robots\" content=\"index, follow, max-snippet:-1, max-image-preview:large, max-video-preview:-1\" \/>\n<link rel=\"canonical\" href=\"https:\/\/cfai-bziv.ch\/de\/\" \/>\n<meta property=\"og:locale\" content=\"de_DE\" \/>\n<meta property=\"og:type\" content=\"article\" \/>\n<meta property=\"og:title\" content=\"Bildungszentrum IV (BZIV) - Willkommen\" \/>\n<meta property=\"og:description\" content=\"Seit mehr als zwei Jahrzehnten ist das BZIV ein Schulungszentrum vor allem f\u00fcr Fachleute aus den IV- Stellen und dem BSV.Seit 2013 ist das BZIV auch ein \u00f6ffentlicher Partner f\u00fcr Institutionen oder Personen, die im Bereich der beruflichen Eingliederung, Invalidit\u00e4t und mit IV-Leistungen arbeiten.\" \/>\n<meta property=\"og:url\" content=\"https:\/\/cfai-bziv.ch\/de\/\" \/>\n<meta property=\"og:site_name\" content=\"Centre de formation AI\" \/>\n<meta property=\"article:modified_time\" content=\"2025-12-22T19:32:00+00:00\" \/>\n<meta name=\"twitter:card\" content=\"summary_large_image\" \/>\n<meta name=\"twitter:label1\" content=\"Gesch\u00e4tzte Lesezeit\" \/>\n\t<meta name=\"twitter:data1\" content=\"7\u00a0Minuten\" \/>\n<script type=\"application\/ld+json\" class=\"yoast-schema-graph\">{\"@context\":\"https:\\\/\\\/schema.org\",\"@graph\":[{\"@type\":\"WebPage\",\"@id\":\"https:\\\/\\\/cfai-bziv.ch\\\/de\\\/\",\"url\":\"https:\\\/\\\/cfai-bziv.ch\\\/de\\\/\",\"name\":\"Bildungszentrum IV (BZIV) - Willkommen\",\"isPartOf\":{\"@id\":\"https:\\\/\\\/cfai-bziv.ch\\\/de\\\/#website\"},\"datePublished\":\"2020-12-09T08:26:36+00:00\",\"dateModified\":\"2025-12-22T19:32:00+00:00\",\"description\":\"Seit mehr als zwei Jahrzehnten ist das BZIV ein Schulungszentrum vor allem f\u00fcr Fachleute aus den IV- Stellen und dem BSV.Seit 2013 ist das BZIV auch ein \u00f6ffentlicher Partner f\u00fcr Institutionen oder Personen, die im Bereich der beruflichen Eingliederung, Invalidit\u00e4t und mit IV-Leistungen arbeiten.\",\"breadcrumb\":{\"@id\":\"https:\\\/\\\/cfai-bziv.ch\\\/de\\\/#breadcrumb\"},\"inLanguage\":\"de\",\"potentialAction\":[{\"@type\":\"ReadAction\",\"target\":[\"https:\\\/\\\/cfai-bziv.ch\\\/de\\\/\"]}]},{\"@type\":\"BreadcrumbList\",\"@id\":\"https:\\\/\\\/cfai-bziv.ch\\\/de\\\/#breadcrumb\",\"itemListElement\":[{\"@type\":\"ListItem\",\"position\":1,\"name\":\"Accueil\",\"item\":\"https:\\\/\\\/cfai-bziv.ch\\\/de\\\/\"},{\"@type\":\"ListItem\",\"position\":2,\"name\":\"Willkommen\"}]},{\"@type\":\"WebSite\",\"@id\":\"https:\\\/\\\/cfai-bziv.ch\\\/de\\\/#website\",\"url\":\"https:\\\/\\\/cfai-bziv.ch\\\/de\\\/\",\"name\":\"Centre de formation AI\",\"description\":\"CFAI - BZIV\",\"potentialAction\":[{\"@type\":\"SearchAction\",\"target\":{\"@type\":\"EntryPoint\",\"urlTemplate\":\"https:\\\/\\\/cfai-bziv.ch\\\/de\\\/?s={search_term_string}\"},\"query-input\":{\"@type\":\"PropertyValueSpecification\",\"valueRequired\":true,\"valueName\":\"search_term_string\"}}],\"inLanguage\":\"de\"}]}<\/script>\n<!-- \/ Yoast SEO plugin. -->","yoast_head_json":{"title":"Bildungszentrum IV (BZIV) - Willkommen","description":"Seit mehr als zwei Jahrzehnten ist das BZIV ein Schulungszentrum vor allem f\u00fcr Fachleute aus den IV- Stellen und dem BSV.Seit 2013 ist das BZIV auch ein \u00f6ffentlicher Partner f\u00fcr Institutionen oder Personen, die im Bereich der beruflichen Eingliederung, Invalidit\u00e4t und mit IV-Leistungen arbeiten.","robots":{"index":"index","follow":"follow","max-snippet":"max-snippet:-1","max-image-preview":"max-image-preview:large","max-video-preview":"max-video-preview:-1"},"canonical":"https:\/\/cfai-bziv.ch\/de\/","og_locale":"de_DE","og_type":"article","og_title":"Bildungszentrum IV (BZIV) - Willkommen","og_description":"Seit mehr als zwei Jahrzehnten ist das BZIV ein Schulungszentrum vor allem f\u00fcr Fachleute aus den IV- Stellen und dem BSV.Seit 2013 ist das BZIV auch ein \u00f6ffentlicher Partner f\u00fcr Institutionen oder Personen, die im Bereich der beruflichen Eingliederung, Invalidit\u00e4t und mit IV-Leistungen arbeiten.","og_url":"https:\/\/cfai-bziv.ch\/de\/","og_site_name":"Centre de formation AI","article_modified_time":"2025-12-22T19:32:00+00:00","twitter_card":"summary_large_image","twitter_misc":{"Gesch\u00e4tzte Lesezeit":"7\u00a0Minuten"},"schema":{"@context":"https:\/\/schema.org","@graph":[{"@type":"WebPage","@id":"https:\/\/cfai-bziv.ch\/de\/","url":"https:\/\/cfai-bziv.ch\/de\/","name":"Bildungszentrum IV (BZIV) - Willkommen","isPartOf":{"@id":"https:\/\/cfai-bziv.ch\/de\/#website"},"datePublished":"2020-12-09T08:26:36+00:00","dateModified":"2025-12-22T19:32:00+00:00","description":"Seit mehr als zwei Jahrzehnten ist das BZIV ein Schulungszentrum vor allem f\u00fcr Fachleute aus den IV- Stellen und dem BSV.Seit 2013 ist das BZIV auch ein \u00f6ffentlicher Partner f\u00fcr Institutionen oder Personen, die im Bereich der beruflichen Eingliederung, Invalidit\u00e4t und mit IV-Leistungen arbeiten.","breadcrumb":{"@id":"https:\/\/cfai-bziv.ch\/de\/#breadcrumb"},"inLanguage":"de","potentialAction":[{"@type":"ReadAction","target":["https:\/\/cfai-bziv.ch\/de\/"]}]},{"@type":"BreadcrumbList","@id":"https:\/\/cfai-bziv.ch\/de\/#breadcrumb","itemListElement":[{"@type":"ListItem","position":1,"name":"Accueil","item":"https:\/\/cfai-bziv.ch\/de\/"},{"@type":"ListItem","position":2,"name":"Willkommen"}]},{"@type":"WebSite","@id":"https:\/\/cfai-bziv.ch\/de\/#website","url":"https:\/\/cfai-bziv.ch\/de\/","name":"Centre de formation AI","description":"CFAI - BZIV","potentialAction":[{"@type":"SearchAction","target":{"@type":"EntryPoint","urlTemplate":"https:\/\/cfai-bziv.ch\/de\/?s={search_term_string}"},"query-input":{"@type":"PropertyValueSpecification","valueRequired":true,"valueName":"search_term_string"}}],"inLanguage":"de"}]}},"_links":{"self":[{"href":"https:\/\/cfai-bziv.ch\/de\/wp-json\/wp\/v2\/pages\/706","targetHints":{"allow":["GET"]}}],"collection":[{"href":"https:\/\/cfai-bziv.ch\/de\/wp-json\/wp\/v2\/pages"}],"about":[{"href":"https:\/\/cfai-bziv.ch\/de\/wp-json\/wp\/v2\/types\/page"}],"author":[{"embeddable":true,"href":"https:\/\/cfai-bziv.ch\/de\/wp-json\/wp\/v2\/users\/2"}],"replies":[{"embeddable":true,"href":"https:\/\/cfai-bziv.ch\/de\/wp-json\/wp\/v2\/comments?post=706"}],"version-history":[{"count":172,"href":"https:\/\/cfai-bziv.ch\/de\/wp-json\/wp\/v2\/pages\/706\/revisions"}],"predecessor-version":[{"id":6783,"href":"https:\/\/cfai-bziv.ch\/de\/wp-json\/wp\/v2\/pages\/706\/revisions\/6783"}],"wp:attachment":[{"href":"https:\/\/cfai-bziv.ch\/de\/wp-json\/wp\/v2\/media?parent=706"}],"curies":[{"name":"wp","href":"https:\/\/api.w.org\/{rel}","templated":true}]}}