{"id":722,"date":"2020-12-09T09:37:10","date_gmt":"2020-12-09T08:37:10","guid":{"rendered":"https:\/\/cfai-bziv.ch\/a-propos\/"},"modified":"2025-06-12T11:02:40","modified_gmt":"2025-06-12T09:02:40","slug":"ueber_uns","status":"publish","type":"page","link":"https:\/\/cfai-bziv.ch\/de\/ueber_uns\/","title":{"rendered":"\u00dcber uns"},"content":{"rendered":"<div class=\"wpb-content-wrapper\"><p>[vc_row row_height_percent=&#8220;0&#8243; override_padding=&#8220;yes&#8220; h_padding=&#8220;2&#8243; top_padding=&#8220;3&#8243; bottom_padding=&#8220;2&#8243; overlay_alpha=&#8220;50&#8243; gutter_size=&#8220;3&#8243; column_width_percent=&#8220;100&#8243; shift_y=&#8220;0&#8243; z_index=&#8220;0&#8243;][vc_column column_width_percent=&#8220;100&#8243; position_horizontal=&#8220;left&#8220; gutter_size=&#8220;3&#8243; overlay_alpha=&#8220;50&#8243; shift_x=&#8220;0&#8243; shift_y=&#8220;0&#8243; shift_y_down=&#8220;0&#8243; z_index=&#8220;0&#8243; medium_width=&#8220;0&#8243; mobile_width=&#8220;0&#8243; width=&#8220;1\/1&#8243;][vc_custom_heading heading_semantic=&#8220;h1&#8243; text_size=&#8220;h1&#8243;]<span class=\"heading-text-highlight \" data-atts='{\"bg\":\"style-color-208133-bg\",\"height\":\"10%\",\"offset\":\"0.1em\",\"opacity\":\"1\",\"animated\":\"yes\"}'>Das BZIV<\/span> macht den Unterschied ![\/vc_custom_heading][\/vc_column][\/vc_row][vc_row row_height_percent=&#8220;0&#8243; overlay_alpha=&#8220;50&#8243; gutter_size=&#8220;3&#8243; column_width_percent=&#8220;100&#8243; shift_y=&#8220;0&#8243; z_index=&#8220;0&#8243;][vc_column column_width_percent=&#8220;100&#8243; gutter_size=&#8220;3&#8243; overlay_alpha=&#8220;50&#8243; shift_x=&#8220;0&#8243; shift_y=&#8220;0&#8243; shift_y_down=&#8220;0&#8243; z_index=&#8220;0&#8243; medium_width=&#8220;0&#8243; mobile_width=&#8220;0&#8243; width=&#8220;1\/1&#8243;][vc_column_text text_lead=&#8220;yes&#8220;]Die Weiterbildung und Aktualisierung der beruflichen F\u00e4higkeiten ist kein Luxus, sondern eine Notwendigkeit, um den Anforderungen der verschiedenen Berufe in der Invalidenversicherung gerecht zu werden. Das BZIV kann auf eine gro\u00dfe Anzahl von Spezialisten z\u00e4hlen, die sich in der Ausbildung engagieren, \u00fcber umfangreiche Erfahrungen in ihrem Bereich verf\u00fcgen und die Qualit\u00e4t des Unterrichts sicherstellen.[\/vc_column_text][\/vc_column][\/vc_row][vc_row row_height_percent=&#8220;0&#8243; overlay_alpha=&#8220;50&#8243; gutter_size=&#8220;4&#8243; column_width_percent=&#8220;100&#8243; shift_y=&#8220;0&#8243; z_index=&#8220;0&#8243;][vc_column column_width_percent=&#8220;100&#8243; position_vertical=&#8220;middle&#8220; gutter_size=&#8220;3&#8243; overlay_alpha=&#8220;50&#8243; shift_x=&#8220;0&#8243; shift_y=&#8220;0&#8243; shift_y_down=&#8220;0&#8243; z_index=&#8220;0&#8243; medium_width=&#8220;0&#8243; mobile_width=&#8220;0&#8243; width=&#8220;1\/2&#8243;][vc_single_image media=&#8220;442&#8243; media_width_use_pixel=&#8220;yes&#8220; media_width_pixel=&#8220;100&#8243;][vc_custom_heading heading_semantic=&#8220;h3&#8243; text_size=&#8220;h3&#8243;]Unser Auftrag[\/vc_custom_heading][vc_column_text]\u00ab Das BZIV hat den prim\u00e4ren Auftrag, den IV-Stellen eine ihren Bed\u00fcrfnissen entsprechende Aus- und Weiterbildung zu garantieren.<br \/>\nDie Aus- und Weiterbildung betrifft sowohl die spezifischen beruflichen Aspekte sowie die pers\u00f6nliche Entwicklung der Mitarbeitenden und soll den IV-Stellen Unterst\u00fctzung bei der Aus\u00fcbung ihres eigenen Auftrags bieten.<br \/>\nSekund\u00e4r hat das BZIV den Auftrag spezifische Kurse in den Bereichen Eingliederung, Invalidit\u00e4t und IV-Leistungen f\u00fcr die Partner der IV-Stellen anzubieten \u00bb.[\/vc_column_text][\/vc_column][vc_column column_width_percent=&#8220;100&#8243; position_vertical=&#8220;middle&#8220; align_horizontal=&#8220;align_center&#8220; gutter_size=&#8220;3&#8243; overlay_alpha=&#8220;50&#8243; shift_x=&#8220;0&#8243; shift_y=&#8220;0&#8243; shift_y_down=&#8220;0&#8243; z_index=&#8220;0&#8243; medium_width=&#8220;0&#8243; mobile_width=&#8220;0&#8243; width=&#8220;1\/2&#8243;][vc_single_image media=&#8220;5661&#8243; caption=&#8220;yes&#8220; media_width_percent=&#8220;50&#8243; alignment=&#8220;center&#8220; advanced=&#8220;yes&#8220; media_overlay_opacity=&#8220;50&#8243; media_overlay_anim=&#8220;no&#8220; media_text_anim=&#8220;no&#8220; media_image_anim=&#8220;no&#8220; media_h_align=&#8220;center&#8220; media_h_position=&#8220;center&#8220; media_padding=&#8220;2&#8243; media_link=&#8220;url:https%3A%2F%2Fcfai-bziv.ch%2Fwp-content%2Fuploads%2F2024%2F04%2FOrganigramme_CFAI_2024-D-1.png|title:Organigramm%20BZIV|target:_blank&#8220; uncode_shortcode_id=&#8220;172818&#8243;][\/vc_column][\/vc_row][vc_row row_height_percent=&#8220;0&#8243; override_padding=&#8220;yes&#8220; h_padding=&#8220;2&#8243; top_padding=&#8220;2&#8243; bottom_padding=&#8220;3&#8243; overlay_alpha=&#8220;50&#8243; gutter_size=&#8220;3&#8243; column_width_percent=&#8220;100&#8243; shift_y=&#8220;0&#8243; z_index=&#8220;0&#8243;][vc_column width=&#8220;1\/1&#8243;][vc_single_image media=&#8220;452&#8243; media_width_percent=&#8220;100&#8243;][vc_custom_heading heading_semantic=&#8220;h3&#8243; text_size=&#8220;h3&#8243; uncode_shortcode_id=&#8220;851465&#8243;]Mitglieder der Bildungskommission[\/vc_custom_heading][vc_column_text]c\/o Gesch\u00e4ftsfeld Invalidenversicherung, BSV, Effingerstrasse 20, 3003 Bern[\/vc_column_text][uncode_list icon=&#8220;fa fa-chevron-right&#8220; icon_color=&#8220;color-144008&#8243; uncode_shortcode_id=&#8220;176993&#8243; icon_color_type=&#8220;uncode-palette&#8220;]<\/p>\n<ul>\n<li><strong>Doris L\u00dcTHI<\/strong>, Leiterin Stab IV, BSV (Vorsitz)<\/li>\n<li><strong>vakant<\/strong>, BSV, Gesch\u00e4ftsfeld IV<\/li>\n<li><strong>Olivier BARRAUD<\/strong>, Direktor IV-Stelle Waadt (Arbeitgeber BZIV Personal)<\/li>\n<li><strong>Rolf BORN<\/strong>, Gesch\u00e4ftsfeldleiter WAS IV Luzern<\/li>\n<li><strong>Karin FIECHTER-JAEGGI<\/strong>, Gesch\u00e4ftsleiterin IV-Stelle Solothurn<\/li>\n<li><strong>Monica MAESTRI<\/strong>, Direktorin IV-Stelle Tessin<\/li>\n<li><strong>Helen MONIOUDIS<\/strong>, Direktorin Sozialversicherungen Glaris<\/li>\n<li><strong>Nicolas ROBERT<\/strong>, Direktor IV-Stelle Fribourg<\/li>\n<\/ul>\n<p>[\/uncode_list][uncode_list icon=&#8220;fa fa-chevron-right&#8220; icon_color=&#8220;color-144008&#8243; uncode_shortcode_id=&#8220;129166&#8243; icon_color_type=&#8220;uncode-palette&#8220;]<\/p>\n<ul>\n<li><strong>Marco LEUTWILER<\/strong>, Leiter Bildungszentrum IV<\/li>\n<\/ul>\n<p>[\/uncode_list][\/vc_column][\/vc_row][vc_row row_height_percent=&#8220;0&#8243; override_padding=&#8220;yes&#8220; h_padding=&#8220;2&#8243; top_padding=&#8220;2&#8243; bottom_padding=&#8220;0&#8243; overlay_alpha=&#8220;50&#8243; gutter_size=&#8220;3&#8243; column_width_percent=&#8220;100&#8243; shift_y=&#8220;0&#8243; z_index=&#8220;0&#8243;][vc_column width=&#8220;1\/1&#8243;][vc_custom_heading heading_semantic=&#8220;h3&#8243; text_size=&#8220;h3&#8243;]Gesch\u00e4ftsberichte[\/vc_custom_heading][\/vc_column][\/vc_row][vc_row row_height_percent=&#8220;0&#8243; override_padding=&#8220;yes&#8220; h_padding=&#8220;2&#8243; top_padding=&#8220;2&#8243; bottom_padding=&#8220;3&#8243; overlay_alpha=&#8220;50&#8243; gutter_size=&#8220;4&#8243; column_width_percent=&#8220;100&#8243; shift_y=&#8220;0&#8243; z_index=&#8220;0&#8243;][vc_column column_width_percent=&#8220;100&#8243; position_horizontal=&#8220;left&#8220; gutter_size=&#8220;2&#8243; override_padding=&#8220;yes&#8220; column_padding=&#8220;2&#8243; overlay_alpha=&#8220;50&#8243; shift_x=&#8220;0&#8243; shift_y=&#8220;0&#8243; shift_y_down=&#8220;0&#8243; z_index=&#8220;0&#8243; medium_width=&#8220;0&#8243; mobile_width=&#8220;0&#8243; radius=&#8220;sm&#8220; shadow=&#8220;std&#8220; width=&#8220;1\/4&#8243;][vc_single_image media=&#8220;6337&#8243; media_width_percent=&#8220;100&#8243; shape=&#8220;img-round&#8220; border=&#8220;yes&#8220; uncode_shortcode_id=&#8220;208831&#8243; media_link=&#8220;url:https%3A%2F%2Fcfai-bziv.ch%2Fde%2Fgeschaeftsbericht-2024%2F|target:_blank&#8220;][vc_custom_heading heading_semantic=&#8220;h4&#8243; text_size=&#8220;h4&#8243; uncode_shortcode_id=&#8220;294471&#8243;]2024[\/vc_custom_heading][vc_button button_color=&#8220;accent&#8220; wide=&#8220;yes&#8220; hover_fx=&#8220;outlined&#8220; outline=&#8220;yes&#8220; border_width=&#8220;0&#8243; scale_mobile=&#8220;no&#8220; icon=&#8220;fa fa-download&#8220; link=&#8220;url:https%3A%2F%2Fcfai-bziv.ch%2Fwp-content%2Fuploads%2F2025%2F06%2FGeschatsbericht-2024.pdf|title:Rapport%20CFAI-Gesch%C3%A4ftsbericht%20BZIV-2020|target:_blank&#8220; button_color_type=&#8220;uncode-palette&#8220; uncode_shortcode_id=&#8220;921227&#8243;]Herunterladen[\/vc_button][\/vc_column][vc_column column_width_percent=&#8220;100&#8243; gutter_size=&#8220;2&#8243; override_padding=&#8220;yes&#8220; column_padding=&#8220;2&#8243; overlay_alpha=&#8220;50&#8243; shift_x=&#8220;0&#8243; shift_y=&#8220;0&#8243; shift_y_down=&#8220;0&#8243; z_index=&#8220;0&#8243; medium_width=&#8220;0&#8243; mobile_width=&#8220;0&#8243; radius=&#8220;sm&#8220; shadow=&#8220;std&#8220; width=&#8220;1\/4&#8243;][vc_single_image media=&#8220;5580&#8243; media_width_percent=&#8220;100&#8243; shape=&#8220;img-round&#8220; border=&#8220;yes&#8220; uncode_shortcode_id=&#8220;312517&#8243;][vc_custom_heading heading_semantic=&#8220;h4&#8243; text_size=&#8220;h4&#8243; uncode_shortcode_id=&#8220;331641&#8243;]2023[\/vc_custom_heading][vc_button button_color=&#8220;accent&#8220; wide=&#8220;yes&#8220; hover_fx=&#8220;outlined&#8220; outline=&#8220;yes&#8220; border_width=&#8220;0&#8243; scale_mobile=&#8220;no&#8220; icon=&#8220;fa fa-download&#8220; link=&#8220;url:https%3A%2F%2Fcfai-bziv.ch%2Fwp-content%2Fuploads%2F2024%2F06%2FRapport-2023_web-1.pdf|target:_blank&#8220; button_color_type=&#8220;uncode-palette&#8220; uncode_shortcode_id=&#8220;189465&#8243;]Herunterladen[\/vc_button][\/vc_column][vc_column column_width_percent=&#8220;100&#8243; position_horizontal=&#8220;left&#8220; gutter_size=&#8220;2&#8243; override_padding=&#8220;yes&#8220; column_padding=&#8220;2&#8243; overlay_alpha=&#8220;50&#8243; shift_x=&#8220;0&#8243; shift_y=&#8220;0&#8243; shift_y_down=&#8220;0&#8243; z_index=&#8220;0&#8243; medium_width=&#8220;0&#8243; mobile_width=&#8220;0&#8243; radius=&#8220;sm&#8220; shadow=&#8220;std&#8220; width=&#8220;1\/4&#8243; uncode_shortcode_id=&#8220;204856&#8243;][vc_single_image media=&#8220;4892&#8243; media_width_percent=&#8220;100&#8243; shape=&#8220;img-round&#8220; border=&#8220;yes&#8220; uncode_shortcode_id=&#8220;139116&#8243;][vc_custom_heading heading_semantic=&#8220;h4&#8243; text_size=&#8220;h4&#8243; uncode_shortcode_id=&#8220;636466&#8243;]2022[\/vc_custom_heading][vc_button button_color=&#8220;accent&#8220; wide=&#8220;yes&#8220; hover_fx=&#8220;outlined&#8220; outline=&#8220;yes&#8220; border_width=&#8220;0&#8243; scale_mobile=&#8220;no&#8220; icon=&#8220;fa fa-download&#8220; link=&#8220;url:https%3A%2F%2Fcfai-bziv.ch%2Fwp-content%2Fuploads%2F2023%2F06%2FRapport-2022_web-2.pdf|target:_blank&#8220; button_color_type=&#8220;uncode-palette&#8220; uncode_shortcode_id=&#8220;144467&#8243;]Herunterladen[\/vc_button][\/vc_column][vc_column column_width_percent=&#8220;100&#8243; gutter_size=&#8220;2&#8243; override_padding=&#8220;yes&#8220; column_padding=&#8220;2&#8243; overlay_alpha=&#8220;50&#8243; shift_x=&#8220;0&#8243; shift_y=&#8220;0&#8243; shift_y_down=&#8220;0&#8243; z_index=&#8220;0&#8243; medium_width=&#8220;0&#8243; mobile_width=&#8220;0&#8243; radius=&#8220;sm&#8220; shadow=&#8220;std&#8220; width=&#8220;1\/4&#8243;][vc_single_image media=&#8220;4071&#8243; media_width_percent=&#8220;100&#8243; shape=&#8220;img-round&#8220; border=&#8220;yes&#8220; uncode_shortcode_id=&#8220;149862&#8243;][vc_custom_heading heading_semantic=&#8220;h4&#8243; text_size=&#8220;h4&#8243; uncode_shortcode_id=&#8220;179242&#8243;]2021[\/vc_custom_heading][vc_button button_color=&#8220;accent&#8220; wide=&#8220;yes&#8220; hover_fx=&#8220;outlined&#8220; outline=&#8220;yes&#8220; border_width=&#8220;0&#8243; scale_mobile=&#8220;no&#8220; icon=&#8220;fa fa-download&#8220; link=&#8220;url:https%3A%2F%2Fcfai-bziv.ch%2Fwp-content%2Fuploads%2F2022%2F07%2FRapport-2021_web.pdf|target:_blank&#8220; button_color_type=&#8220;uncode-palette&#8220; uncode_shortcode_id=&#8220;178322&#8243;]Herunterladen[\/vc_button][\/vc_column][\/vc_row][vc_row row_height_percent=&#8220;0&#8243; overlay_alpha=&#8220;50&#8243; gutter_size=&#8220;3&#8243; column_width_percent=&#8220;100&#8243; shift_y=&#8220;0&#8243; z_index=&#8220;0&#8243;][vc_column column_width_percent=&#8220;100&#8243; gutter_size=&#8220;3&#8243; overlay_alpha=&#8220;50&#8243; shift_x=&#8220;0&#8243; shift_y=&#8220;0&#8243; shift_y_down=&#8220;0&#8243; z_index=&#8220;0&#8243; medium_width=&#8220;0&#8243; mobile_width=&#8220;0&#8243; width=&#8220;1\/3&#8243;][vc_single_image media=&#8220;3298&#8243; media_width_percent=&#8220;30&#8243; media_ratio=&#8220;one-one&#8220; alignment=&#8220;right&#8220; uncode_shortcode_id=&#8220;832238&#8243;][\/vc_column][vc_column width=&#8220;1\/3&#8243;][vc_column_text text_lead=&#8220;yes&#8220; uncode_shortcode_id=&#8220;194289&#8243;][\/vc_column_text][vc_button button_color=&#8220;color-144008&#8243; size=&#8220;btn-xl&#8220; border_animation=&#8220;btn-ripple-out&#8220; outline=&#8220;yes&#8220; shadow=&#8220;yes&#8220; border_width=&#8220;0&#8243; button_color_type=&#8220;uncode-palette&#8220; width=&#8220;267&#8243; uncode_shortcode_id=&#8220;363765&#8243; link=&#8220;url:https%3A%2F%2Fcfai-bziv.ch%2Fde%2F25ans_webtoon%2F|title:CFAI-BZIV%20webtoon|target:_blank&#8220;]25 Jahre BZIV-Geschichte | Webtoon[\/vc_button][\/vc_column][vc_column width=&#8220;1\/3&#8243;][\/vc_column][\/vc_row][vc_row row_height_percent=&#8220;0&#8243; override_padding=&#8220;yes&#8220; h_padding=&#8220;2&#8243; top_padding=&#8220;2&#8243; bottom_padding=&#8220;3&#8243; overlay_alpha=&#8220;50&#8243; gutter_size=&#8220;4&#8243; column_width_percent=&#8220;100&#8243; shift_y=&#8220;0&#8243; z_index=&#8220;0&#8243;][vc_column column_width_percent=&#8220;100&#8243; position_vertical=&#8220;middle&#8220; gutter_size=&#8220;3&#8243; overlay_alpha=&#8220;50&#8243; shift_x=&#8220;0&#8243; shift_y=&#8220;0&#8243; shift_y_down=&#8220;0&#8243; z_index=&#8220;0&#8243; medium_width=&#8220;0&#8243; mobile_width=&#8220;0&#8243; width=&#8220;2\/3&#8243;][vc_single_image media=&#8220;446&#8243; media_width_use_pixel=&#8220;yes&#8220; media_width_pixel=&#8220;100&#8243;][vc_custom_heading heading_semantic=&#8220;h3&#8243; text_size=&#8220;h3&#8243;]Unsere Ausbilderinnen und Ausbilder[\/vc_custom_heading][vc_column_text]Das BZIV bietet mehr als 300 Kurssitzungen pro Jahr in verschiedenen Bereichen an, in franz\u00f6sischer und\/oder deutscher Sprache. Ein paar Kurse werden in italienischer Sprache angeboten.<\/p>\n<p>Diese Kurse werden von mehr als 100 internen oder externen Referenten\/innen unterrichtet, die Spezialisten auf ihrem Gebiet sind.<\/p>\n<p>F\u00fcr interne Referenten\/innen werden spezifische Tagungen und Kurse angeboten, damit sie ihre F\u00e4higkeiten als Erwachsenenbildner\/innen erwerben oder vertiefen k\u00f6nnen[\/vc_column_text][\/vc_column][vc_column column_width_percent=&#8220;100&#8243; gutter_size=&#8220;3&#8243; override_padding=&#8220;yes&#8220; column_padding=&#8220;2&#8243; back_color=&#8220;color-xsdn&#8220; overlay_alpha=&#8220;50&#8243; shift_x=&#8220;0&#8243; shift_y=&#8220;0&#8243; shift_y_down=&#8220;0&#8243; z_index=&#8220;0&#8243; medium_width=&#8220;0&#8243; mobile_width=&#8220;0&#8243; width=&#8220;1\/3&#8243;][\/vc_column][\/vc_row][vc_row][vc_column width=&#8220;2\/3&#8243;][vc_single_image media=&#8220;837&#8243; media_width_percent=&#8220;100&#8243;][vc_custom_heading heading_semantic=&#8220;h3&#8243; text_size=&#8220;h3&#8243;]Unsere Zertifizierungen[\/vc_custom_heading][vc_column_text uncode_shortcode_id=&#8220;123165&#8243;]Das BZIV bietet drei verschiedene Zertifizierungen an:<\/p>\n<ul>\n<li>Ausbilder\/Ausbilderin BZIV<\/li>\n<li>RAD-Arzt<\/li>\n<li>BVM Sachbearbeiter\/in &amp; BVM Ermittler\/in<\/li>\n<\/ul>\n<p>[\/vc_column_text][\/vc_column][vc_column width=&#8220;1\/3&#8243;][\/vc_column][\/vc_row][vc_row][vc_column column_width_percent=&#8220;100&#8243; gutter_size=&#8220;3&#8243; override_padding=&#8220;yes&#8220; column_padding=&#8220;2&#8243; back_color=&#8220;color-xsdn&#8220; overlay_alpha=&#8220;50&#8243; shift_x=&#8220;0&#8243; shift_y=&#8220;0&#8243; shift_y_down=&#8220;0&#8243; z_index=&#8220;0&#8243; medium_width=&#8220;0&#8243; mobile_width=&#8220;0&#8243; radius=&#8220;sm&#8220; shadow=&#8220;std&#8220; width=&#8220;1\/3&#8243;][vc_custom_heading heading_semantic=&#8220;h4&#8243; text_size=&#8220;h4&#8243;]Zertifizierung Ausbilder \/ Ausbilderin BZIV[\/vc_custom_heading][vc_separator sep_color=&#8220;,Default&#8220;][uncode_list icon=&#8220;fa fa-chevron-right&#8220; icon_color=&#8220;color-144008&#8243;]<\/p>\n<ul>\n<li>Die Ausbildert\u00e4tigkeit wertsch\u00e4tzen<\/li>\n<li>Den neuen Ausbildern erm\u00f6glichen, die f\u00fcr die Erwachsenenausbildung notwendigen Kompetenzen zu erwerben<\/li>\n<li>Den erfahrenen Ausbildern erm\u00f6glichen, Erlerntes zu festigen oder neue Kenntnisse in Zusammenhang mit der Entwicklung in der Erwachsenenbildung zu erwerben<\/li>\n<li>Einen hohen Ausbildungsstandard garantieren und gleichzeitig die Effizienz der Ausbildungen und die individuelle Fortbildung der Teilnehmenden f\u00f6rdern<\/li>\n<li>Den Wissens-, Praxis- Erfahrungsaustausch zwischen den Ausbildern f\u00f6rdern<\/li>\n<\/ul>\n<p>[\/uncode_list][\/vc_column][vc_column column_width_percent=&#8220;100&#8243; gutter_size=&#8220;3&#8243; override_padding=&#8220;yes&#8220; column_padding=&#8220;2&#8243; back_color=&#8220;color-xsdn&#8220; overlay_alpha=&#8220;50&#8243; shift_x=&#8220;0&#8243; shift_y=&#8220;0&#8243; shift_y_down=&#8220;0&#8243; z_index=&#8220;0&#8243; medium_width=&#8220;0&#8243; mobile_width=&#8220;0&#8243; radius=&#8220;sm&#8220; shadow=&#8220;std&#8220; width=&#8220;1\/3&#8243;][vc_custom_heading heading_semantic=&#8220;h4&#8243; text_size=&#8220;h4&#8243;]Zertifizierung RAD-Arzt[\/vc_custom_heading][vc_separator sep_color=&#8220;,Default&#8220;][uncode_list icon=&#8220;fa fa-chevron-right&#8220; icon_color=&#8220;color-144008&#8243;]<\/p>\n<ul>\n<li>Qualit\u00e4t der Erstausbildung und Weiterbildung der RAD \u00c4rzte garantieren<\/li>\n<li>Eine bessere Anerkennung der RAD \u00c4rzte bei den externen Instanzen erreichen (z.B. Gerichte)<\/li>\n<li>Ein positives Image bei den externen Berufskollegen der RAD \u00c4rzte f\u00f6rdern<\/li>\n<li>Den RAD Arzt intern aufwerten<\/li>\n<\/ul>\n<p>[\/uncode_list][vc_button button_color=&#8220;accent&#8220; hover_fx=&#8220;outlined&#8220; outline=&#8220;yes&#8220; border_width=&#8220;0&#8243; scale_mobile=&#8220;no&#8220; width=&#8220;267&#8243; icon=&#8220;fa fa-download&#8220; link=&#8220;url:https%3A%2F%2Fcfai-bziv.ch%2Fwp-content%2Fuploads%2F2023%2F01%2FZertifizierung-RAD-Arzt-Info-externe-D-31.01.2023.pdf|title:Information%20RAD-Arzt%20externe|target:_blank&#8220; button_color_type=&#8220;uncode-palette&#8220; uncode_shortcode_id=&#8220;109576&#8243;]Dokumentation herunterladen[\/vc_button][\/vc_column][vc_column column_width_percent=&#8220;100&#8243; gutter_size=&#8220;3&#8243; back_color=&#8220;color-xsdn&#8220; overlay_alpha=&#8220;50&#8243; shift_x=&#8220;0&#8243; shift_y=&#8220;0&#8243; shift_y_down=&#8220;0&#8243; z_index=&#8220;0&#8243; medium_width=&#8220;0&#8243; mobile_width=&#8220;0&#8243; radius=&#8220;sm&#8220; shadow=&#8220;std&#8220; width=&#8220;1\/3&#8243; uncode_shortcode_id=&#8220;168805&#8243; back_color_type=&#8220;uncode-palette&#8220;][vc_custom_heading heading_semantic=&#8220;h4&#8243; text_size=&#8220;h4&#8243; uncode_shortcode_id=&#8220;147622&#8243;]Zertifizierung der BVM Mitarbeitenden[\/vc_custom_heading][vc_separator sep_color=&#8220;,Default&#8220;][uncode_list icon=&#8220;fa fa-chevron-right&#8220; icon_color=&#8220;color-144008&#8243; uncode_shortcode_id=&#8220;272174&#8243; icon_color_type=&#8220;uncode-palette&#8220;]<\/p>\n<ul>\n<li>Die Arbeit der BVM Mitarbeitenden aufwerten<\/li>\n<li>Den neuen BVM Mitarbeitenden erm\u00f6glichen F\u00e4higkeiten\/Kompetenzen im Bereich BVM zu erwerben<\/li>\n<li>Den erfahrenen BVM Mitarbeitenden die M\u00f6glichkeit bieten, ihre Ausbildungen in diesem Bereich anerkennen zu lassen<\/li>\n<li>Gew\u00e4hrleistung eines hohen Ausbildungslevels (Professionalisierung) bei gleichzeitiger F\u00f6rderung der Effizienz und der individuellen Weiterbildung der BVM Mitarbeitenden<\/li>\n<li>F\u00f6rderung des Austauschs von Wissen, Know-how und Erfahrungen unter den BVM Mitarbeitenden der verschiedenen IV-Stellen<\/li>\n<\/ul>\n<p>[\/uncode_list][\/vc_column][\/vc_row][vc_row][vc_column width=&#8220;2\/3&#8243;][vc_single_image media=&#8220;839&#8243; media_width_percent=&#8220;100&#8243;][vc_custom_heading]Unsere Zusammenarbeit mit:[\/vc_custom_heading][vc_column_text uncode_shortcode_id=&#8220;224009&#8243;]Das BZIV arbeitet mit der Berner Fachhochschule (BFH) und der Fachhochschule Nordwestschweiz (FHNW) zusammen.[\/vc_column_text][\/vc_column][vc_column width=&#8220;1\/3&#8243;][\/vc_column][\/vc_row][vc_row][vc_column column_width_percent=&#8220;100&#8243; gutter_size=&#8220;3&#8243; override_padding=&#8220;yes&#8220; column_padding=&#8220;2&#8243; back_color=&#8220;color-xsdn&#8220; overlay_alpha=&#8220;50&#8243; shift_x=&#8220;0&#8243; shift_y=&#8220;0&#8243; shift_y_down=&#8220;0&#8243; z_index=&#8220;0&#8243; medium_width=&#8220;0&#8243; mobile_width=&#8220;0&#8243; radius=&#8220;sm&#8220; shadow=&#8220;std&#8220; width=&#8220;1\/2&#8243;][vc_custom_heading heading_semantic=&#8220;h4&#8243; text_size=&#8220;h4&#8243; uncode_shortcode_id=&#8220;162837&#8243;]CAS Case management<\/p>\n<p>Kurs, der im Rahmen einer Zusammenarbeit zwischen der Berner Fachhochschule (BFH) und dem BZIV angeboten wird.[\/vc_custom_heading][vc_separator sep_color=&#8220;,Default&#8220;][vc_column_text uncode_shortcode_id=&#8220;871605&#8243;]Die Kurse 3375D Case Management (8 Tage) und 3376D CAS Case Management Aufbaumodul (10 Tage) vermitteln den Personen die am Case Management Prozess und am Eingliederungsprozess beteiligt sind vertieftes Wissen.<\/p>\n<p>Die Studierenden wissen, wie beim Case Management Fall- und Systemsteuerung zusammenwirken. Sie k\u00f6nnen in ihrer Organisation konzeptionelle Beitr\u00e4ge zur Weiterentwicklung von Systematik, Effizienz und Effektivit\u00e4t der Dienstleistungen und zur Optimierung der Versorgungssysteme leisten.[\/vc_column_text][\/vc_column][vc_column column_width_percent=&#8220;100&#8243; gutter_size=&#8220;3&#8243; back_color=&#8220;color-xsdn&#8220; overlay_alpha=&#8220;50&#8243; shift_x=&#8220;0&#8243; shift_y=&#8220;0&#8243; shift_y_down=&#8220;0&#8243; z_index=&#8220;0&#8243; medium_width=&#8220;0&#8243; mobile_width=&#8220;0&#8243; radius=&#8220;sm&#8220; shadow=&#8220;std&#8220; width=&#8220;1\/2&#8243; uncode_shortcode_id=&#8220;212847&#8243; back_color_type=&#8220;uncode-palette&#8220;][vc_custom_heading heading_semantic=&#8220;h4&#8243; text_size=&#8220;h4&#8243; uncode_shortcode_id=&#8220;207586&#8243;]CAS Eingliederungsmanagement &#8222;Fallbearbeitung I&#8220;<\/p>\n<p>Kurs, der im Rahmen einer Zusammenarbeit zwischen der Fachhochschule Nordwestschweiz (FHNW) und dem BZIV angeboten wird.[\/vc_custom_heading][vc_separator sep_color=&#8220;,Default&#8220;][vc_column_text uncode_shortcode_id=&#8220;674489&#8243;]Der Kurs 3385D Eingliederungsmanagement &#8222;Fallbearbeitung I&#8220; (30 Tage) vermittelt den Fachpersonen, die in der erwerbsorientierten Eingliederung t\u00e4tig sind, ein vertieftes Wissen.<\/p>\n<p>Das CAS-Programm bef\u00e4higt zur fallbezogenen Strukturierung und Gestaltung von Eingliederungsprozessen. Ein besonderer Fokus wird dabei auf die Anpassung und Gestaltung der institutionellen und organisationalen Kontexte gerichtet.[\/vc_column_text][\/vc_column][\/vc_row]<\/p>\n<\/div>","protected":false},"excerpt":{"rendered":"<p>[vc_row row_height_percent=&#8220;0&#8243; override_padding=&#8220;yes&#8220; h_padding=&#8220;2&#8243; top_padding=&#8220;3&#8243; bottom_padding=&#8220;2&#8243; overlay_alpha=&#8220;50&#8243; gutter_size=&#8220;3&#8243; column_width_percent=&#8220;100&#8243; shift_y=&#8220;0&#8243; z_index=&#8220;0&#8243;][vc_column column_width_percent=&#8220;100&#8243; position_horizontal=&#8220;left&#8220; gutter_size=&#8220;3&#8243; overlay_alpha=&#8220;50&#8243; shift_x=&#8220;0&#8243; shift_y=&#8220;0&#8243; shift_y_down=&#8220;0&#8243; z_index=&#8220;0&#8243; medium_width=&#8220;0&#8243; [&hellip;]<\/p>\n","protected":false},"author":2,"featured_media":0,"parent":0,"menu_order":0,"comment_status":"closed","ping_status":"closed","template":"","meta":{"footnotes":""},"class_list":["post-722","page","type-page","status-publish","hentry","page_category-nous-2"],"yoast_head":"<!-- This site is optimized with the Yoast SEO plugin v27.5 - https:\/\/yoast.com\/product\/yoast-seo-wordpress\/ -->\n<title>Bildungszentrum IV (BZIV) - \u00fcber uns<\/title>\n<meta name=\"description\" content=\"Der prim\u00e4re Auftrag des BZIV ist die Aus- und Weiterbildung in den IV-Stellen zu garantieren. Spezifische Kurse werden in den Bereichen Eingliederung, Invalidit\u00e4t und IV-Leistungen f\u00fcr Partner der IV-Stellen angeboten. Das BZIV kann auf eine gro\u00dfe Anzahl von Spezialisten z\u00e4hlen, die sich in der Ausbildung engagieren, \u00fcber umfangreiche Erfahrungen in ihrem Bereich verf\u00fcgen und die Qualit\u00e4t des Unterrichts sicherstellen.\" \/>\n<meta name=\"robots\" content=\"index, follow, max-snippet:-1, max-image-preview:large, max-video-preview:-1\" \/>\n<link rel=\"canonical\" href=\"https:\/\/cfai-bziv.ch\/de\/ueber_uns\/\" \/>\n<meta property=\"og:locale\" content=\"de_DE\" \/>\n<meta property=\"og:type\" content=\"article\" \/>\n<meta property=\"og:title\" content=\"Bildungszentrum IV (BZIV) - \u00fcber uns\" \/>\n<meta property=\"og:description\" content=\"Der prim\u00e4re Auftrag des BZIV ist die Aus- und Weiterbildung in den IV-Stellen zu garantieren. Spezifische Kurse werden in den Bereichen Eingliederung, Invalidit\u00e4t und IV-Leistungen f\u00fcr Partner der IV-Stellen angeboten. Das BZIV kann auf eine gro\u00dfe Anzahl von Spezialisten z\u00e4hlen, die sich in der Ausbildung engagieren, \u00fcber umfangreiche Erfahrungen in ihrem Bereich verf\u00fcgen und die Qualit\u00e4t des Unterrichts sicherstellen.\" \/>\n<meta property=\"og:url\" content=\"https:\/\/cfai-bziv.ch\/de\/ueber_uns\/\" \/>\n<meta property=\"og:site_name\" content=\"Centre de formation AI\" \/>\n<meta property=\"article:modified_time\" content=\"2025-06-12T09:02:40+00:00\" \/>\n<meta name=\"twitter:card\" content=\"summary_large_image\" \/>\n<meta name=\"twitter:label1\" content=\"Gesch\u00e4tzte Lesezeit\" \/>\n\t<meta name=\"twitter:data1\" content=\"6\u00a0Minuten\" \/>\n<script type=\"application\/ld+json\" class=\"yoast-schema-graph\">{\"@context\":\"https:\\\/\\\/schema.org\",\"@graph\":[{\"@type\":\"WebPage\",\"@id\":\"https:\\\/\\\/cfai-bziv.ch\\\/de\\\/ueber_uns\\\/\",\"url\":\"https:\\\/\\\/cfai-bziv.ch\\\/de\\\/ueber_uns\\\/\",\"name\":\"Bildungszentrum IV (BZIV) - \u00fcber uns\",\"isPartOf\":{\"@id\":\"https:\\\/\\\/cfai-bziv.ch\\\/de\\\/#website\"},\"datePublished\":\"2020-12-09T08:37:10+00:00\",\"dateModified\":\"2025-06-12T09:02:40+00:00\",\"description\":\"Der prim\u00e4re Auftrag des BZIV ist die Aus- und Weiterbildung in den IV-Stellen zu garantieren. Spezifische Kurse werden in den Bereichen Eingliederung, Invalidit\u00e4t und IV-Leistungen f\u00fcr Partner der IV-Stellen angeboten. Das BZIV kann auf eine gro\u00dfe Anzahl von Spezialisten z\u00e4hlen, die sich in der Ausbildung engagieren, \u00fcber umfangreiche Erfahrungen in ihrem Bereich verf\u00fcgen und die Qualit\u00e4t des Unterrichts sicherstellen.\",\"breadcrumb\":{\"@id\":\"https:\\\/\\\/cfai-bziv.ch\\\/de\\\/ueber_uns\\\/#breadcrumb\"},\"inLanguage\":\"de\",\"potentialAction\":[{\"@type\":\"ReadAction\",\"target\":[\"https:\\\/\\\/cfai-bziv.ch\\\/de\\\/ueber_uns\\\/\"]}]},{\"@type\":\"BreadcrumbList\",\"@id\":\"https:\\\/\\\/cfai-bziv.ch\\\/de\\\/ueber_uns\\\/#breadcrumb\",\"itemListElement\":[{\"@type\":\"ListItem\",\"position\":1,\"name\":\"Accueil\",\"item\":\"https:\\\/\\\/cfai-bziv.ch\\\/de\\\/\"},{\"@type\":\"ListItem\",\"position\":2,\"name\":\"\u00dcber uns\"}]},{\"@type\":\"WebSite\",\"@id\":\"https:\\\/\\\/cfai-bziv.ch\\\/de\\\/#website\",\"url\":\"https:\\\/\\\/cfai-bziv.ch\\\/de\\\/\",\"name\":\"Centre de formation AI\",\"description\":\"CFAI - BZIV\",\"potentialAction\":[{\"@type\":\"SearchAction\",\"target\":{\"@type\":\"EntryPoint\",\"urlTemplate\":\"https:\\\/\\\/cfai-bziv.ch\\\/de\\\/?s={search_term_string}\"},\"query-input\":{\"@type\":\"PropertyValueSpecification\",\"valueRequired\":true,\"valueName\":\"search_term_string\"}}],\"inLanguage\":\"de\"}]}<\/script>\n<!-- \/ Yoast SEO plugin. -->","yoast_head_json":{"title":"Bildungszentrum IV (BZIV) - \u00fcber uns","description":"Der prim\u00e4re Auftrag des BZIV ist die Aus- und Weiterbildung in den IV-Stellen zu garantieren. Spezifische Kurse werden in den Bereichen Eingliederung, Invalidit\u00e4t und IV-Leistungen f\u00fcr Partner der IV-Stellen angeboten. Das BZIV kann auf eine gro\u00dfe Anzahl von Spezialisten z\u00e4hlen, die sich in der Ausbildung engagieren, \u00fcber umfangreiche Erfahrungen in ihrem Bereich verf\u00fcgen und die Qualit\u00e4t des Unterrichts sicherstellen.","robots":{"index":"index","follow":"follow","max-snippet":"max-snippet:-1","max-image-preview":"max-image-preview:large","max-video-preview":"max-video-preview:-1"},"canonical":"https:\/\/cfai-bziv.ch\/de\/ueber_uns\/","og_locale":"de_DE","og_type":"article","og_title":"Bildungszentrum IV (BZIV) - \u00fcber uns","og_description":"Der prim\u00e4re Auftrag des BZIV ist die Aus- und Weiterbildung in den IV-Stellen zu garantieren. Spezifische Kurse werden in den Bereichen Eingliederung, Invalidit\u00e4t und IV-Leistungen f\u00fcr Partner der IV-Stellen angeboten. Das BZIV kann auf eine gro\u00dfe Anzahl von Spezialisten z\u00e4hlen, die sich in der Ausbildung engagieren, \u00fcber umfangreiche Erfahrungen in ihrem Bereich verf\u00fcgen und die Qualit\u00e4t des Unterrichts sicherstellen.","og_url":"https:\/\/cfai-bziv.ch\/de\/ueber_uns\/","og_site_name":"Centre de formation AI","article_modified_time":"2025-06-12T09:02:40+00:00","twitter_card":"summary_large_image","twitter_misc":{"Gesch\u00e4tzte Lesezeit":"6\u00a0Minuten"},"schema":{"@context":"https:\/\/schema.org","@graph":[{"@type":"WebPage","@id":"https:\/\/cfai-bziv.ch\/de\/ueber_uns\/","url":"https:\/\/cfai-bziv.ch\/de\/ueber_uns\/","name":"Bildungszentrum IV (BZIV) - \u00fcber uns","isPartOf":{"@id":"https:\/\/cfai-bziv.ch\/de\/#website"},"datePublished":"2020-12-09T08:37:10+00:00","dateModified":"2025-06-12T09:02:40+00:00","description":"Der prim\u00e4re Auftrag des BZIV ist die Aus- und Weiterbildung in den IV-Stellen zu garantieren. Spezifische Kurse werden in den Bereichen Eingliederung, Invalidit\u00e4t und IV-Leistungen f\u00fcr Partner der IV-Stellen angeboten. Das BZIV kann auf eine gro\u00dfe Anzahl von Spezialisten z\u00e4hlen, die sich in der Ausbildung engagieren, \u00fcber umfangreiche Erfahrungen in ihrem Bereich verf\u00fcgen und die Qualit\u00e4t des Unterrichts sicherstellen.","breadcrumb":{"@id":"https:\/\/cfai-bziv.ch\/de\/ueber_uns\/#breadcrumb"},"inLanguage":"de","potentialAction":[{"@type":"ReadAction","target":["https:\/\/cfai-bziv.ch\/de\/ueber_uns\/"]}]},{"@type":"BreadcrumbList","@id":"https:\/\/cfai-bziv.ch\/de\/ueber_uns\/#breadcrumb","itemListElement":[{"@type":"ListItem","position":1,"name":"Accueil","item":"https:\/\/cfai-bziv.ch\/de\/"},{"@type":"ListItem","position":2,"name":"\u00dcber uns"}]},{"@type":"WebSite","@id":"https:\/\/cfai-bziv.ch\/de\/#website","url":"https:\/\/cfai-bziv.ch\/de\/","name":"Centre de formation AI","description":"CFAI - BZIV","potentialAction":[{"@type":"SearchAction","target":{"@type":"EntryPoint","urlTemplate":"https:\/\/cfai-bziv.ch\/de\/?s={search_term_string}"},"query-input":{"@type":"PropertyValueSpecification","valueRequired":true,"valueName":"search_term_string"}}],"inLanguage":"de"}]}},"_links":{"self":[{"href":"https:\/\/cfai-bziv.ch\/de\/wp-json\/wp\/v2\/pages\/722","targetHints":{"allow":["GET"]}}],"collection":[{"href":"https:\/\/cfai-bziv.ch\/de\/wp-json\/wp\/v2\/pages"}],"about":[{"href":"https:\/\/cfai-bziv.ch\/de\/wp-json\/wp\/v2\/types\/page"}],"author":[{"embeddable":true,"href":"https:\/\/cfai-bziv.ch\/de\/wp-json\/wp\/v2\/users\/2"}],"replies":[{"embeddable":true,"href":"https:\/\/cfai-bziv.ch\/de\/wp-json\/wp\/v2\/comments?post=722"}],"version-history":[{"count":111,"href":"https:\/\/cfai-bziv.ch\/de\/wp-json\/wp\/v2\/pages\/722\/revisions"}],"predecessor-version":[{"id":6352,"href":"https:\/\/cfai-bziv.ch\/de\/wp-json\/wp\/v2\/pages\/722\/revisions\/6352"}],"wp:attachment":[{"href":"https:\/\/cfai-bziv.ch\/de\/wp-json\/wp\/v2\/media?parent=722"}],"curies":[{"name":"wp","href":"https:\/\/api.w.org\/{rel}","templated":true}]}}