{"id":723,"date":"2020-12-09T09:37:10","date_gmt":"2020-12-09T08:37:10","guid":{"rendered":"https:\/\/cfai-bziv.ch\/a-propos\/"},"modified":"2025-06-12T11:03:26","modified_gmt":"2025-06-12T09:03:26","slug":"a-propos","status":"publish","type":"page","link":"https:\/\/cfai-bziv.ch\/it\/a-propos\/","title":{"rendered":"Chi siamo"},"content":{"rendered":"<div class=\"wpb-content-wrapper\"><p>[vc_row row_height_percent=&#8221;0&#8243; override_padding=&#8221;yes&#8221; h_padding=&#8221;2&#8243; top_padding=&#8221;3&#8243; bottom_padding=&#8221;2&#8243; overlay_alpha=&#8221;50&#8243; gutter_size=&#8221;3&#8243; column_width_percent=&#8221;100&#8243; shift_y=&#8221;0&#8243; z_index=&#8221;0&#8243;][vc_column column_width_percent=&#8221;100&#8243; position_horizontal=&#8221;left&#8221; gutter_size=&#8221;3&#8243; overlay_alpha=&#8221;50&#8243; shift_x=&#8221;0&#8243; shift_y=&#8221;0&#8243; shift_y_down=&#8221;0&#8243; z_index=&#8221;0&#8243; medium_width=&#8221;0&#8243; mobile_width=&#8221;0&#8243; width=&#8221;1\/1&#8243;][vc_custom_heading heading_semantic=&#8221;h1&#8243; text_size=&#8221;h1&#8243; uncode_shortcode_id=&#8221;632547&#8243;]Il CFAI fa la differenza ![\/vc_custom_heading][\/vc_column][\/vc_row][vc_row row_height_percent=&#8221;0&#8243; overlay_alpha=&#8221;50&#8243; gutter_size=&#8221;3&#8243; column_width_percent=&#8221;100&#8243; shift_y=&#8221;0&#8243; z_index=&#8221;0&#8243;][vc_column column_width_percent=&#8221;100&#8243; gutter_size=&#8221;3&#8243; overlay_alpha=&#8221;50&#8243; shift_x=&#8221;0&#8243; shift_y=&#8221;0&#8243; shift_y_down=&#8221;0&#8243; z_index=&#8221;0&#8243; medium_width=&#8221;0&#8243; mobile_width=&#8221;0&#8243; width=&#8221;1\/1&#8243;][vc_column_text text_lead=&#8221;yes&#8221; uncode_shortcode_id=&#8221;150997&#8243;]La formazione e l&#8217;aggiornamento delle competenze professionali non sono un lusso ma una necessit\u00e0 per potere soddisfare i requisiti delle varie professioni dell&#8217;assicurazione invalidit\u00e0. Il CFAI pu\u00f2 affidarsi a un numero significativo di esperri che si impegnano nella formazione, sulla base di un&#8217;ampia esperienza nel loro campo che garantisce un insegnamento di qualit\u00e0.[\/vc_column_text][\/vc_column][\/vc_row][vc_row row_height_percent=&#8221;0&#8243; overlay_alpha=&#8221;50&#8243; gutter_size=&#8221;4&#8243; column_width_percent=&#8221;100&#8243; shift_y=&#8221;0&#8243; z_index=&#8221;0&#8243;][vc_column column_width_percent=&#8221;100&#8243; position_vertical=&#8221;middle&#8221; gutter_size=&#8221;3&#8243; overlay_alpha=&#8221;50&#8243; shift_x=&#8221;0&#8243; shift_y=&#8221;0&#8243; shift_y_down=&#8221;0&#8243; z_index=&#8221;0&#8243; medium_width=&#8221;0&#8243; mobile_width=&#8221;0&#8243; width=&#8221;1\/2&#8243;][vc_single_image media=&#8221;442&#8243; media_width_use_pixel=&#8221;yes&#8221; media_width_pixel=&#8221;100&#8243;][vc_custom_heading heading_semantic=&#8221;h3&#8243; text_size=&#8221;h3&#8243; uncode_shortcode_id=&#8221;756966&#8243;]La nostra Missione[\/vc_custom_heading][vc_column_text uncode_shortcode_id=&#8221;870866&#8243;]&#8221;La Missione principale del CFAI \u00e8 di garantire agli uffici AI una formazione e un perfezionamento professionale adatti alle esigenze degli uffici AI. La formazione e il perfezionamento professionale riguardono sia i vari aspetti del mestiere che lo sviluppo personale delle collaboratrici e dei collaobratori e sono un sostegno agli uffici AI nell&#8217;adempimento della loro missione.<br \/>\nL&#8217;altra missione del CFAI \u00e8 di proporre corsi specifici ai partner degli uffici AI nell&#8217;amito della riabilitazione professionale, dell&#8217;invalidit\u00e0 e delle prestazioni AI.&#8221;[\/vc_column_text][\/vc_column][vc_column column_width_percent=&#8221;100&#8243; position_vertical=&#8221;middle&#8221; align_horizontal=&#8221;align_center&#8221; gutter_size=&#8221;3&#8243; overlay_alpha=&#8221;50&#8243; shift_x=&#8221;0&#8243; shift_y=&#8221;0&#8243; shift_y_down=&#8221;0&#8243; z_index=&#8221;0&#8243; medium_width=&#8221;0&#8243; mobile_width=&#8221;0&#8243; width=&#8221;1\/2&#8243;][vc_single_image media=&#8221;5896&#8243; caption=&#8221;yes&#8221; media_width_percent=&#8221;50&#8243; alignment=&#8221;center&#8221; advanced=&#8221;yes&#8221; media_overlay_opacity=&#8221;50&#8243; media_overlay_anim=&#8221;no&#8221; media_text_anim=&#8221;no&#8221; media_image_anim=&#8221;no&#8221; media_h_align=&#8221;center&#8221; media_h_position=&#8221;center&#8221; media_padding=&#8221;2&#8243; media_link=&#8221;url:https%3A%2F%2Fcfai-bziv.ch%2Fwp-content%2Fuploads%2F2024%2F04%2FOrganigramme_CFAI_2024-I-1.png|title:Organigramme%20CFAI%202021|target:_blank&#8221; uncode_shortcode_id=&#8221;208118&#8243;][\/vc_column][\/vc_row][vc_row row_height_percent=&#8221;0&#8243; override_padding=&#8221;yes&#8221; h_padding=&#8221;2&#8243; top_padding=&#8221;2&#8243; bottom_padding=&#8221;3&#8243; overlay_alpha=&#8221;50&#8243; gutter_size=&#8221;3&#8243; column_width_percent=&#8221;100&#8243; shift_y=&#8221;0&#8243; z_index=&#8221;0&#8243;][vc_column width=&#8221;1\/1&#8243;][vc_single_image media=&#8221;451&#8243; media_width_percent=&#8221;100&#8243;][vc_custom_heading heading_semantic=&#8221;h3&#8243; text_size=&#8221;h3&#8243; uncode_shortcode_id=&#8221;193744&#8243;]Membri della commissione per la formazione[\/vc_custom_heading][vc_column_text uncode_shortcode_id=&#8221;207106&#8243;]c\/o Divisione Assicurazione Invalidit\u00e0, UFAS, Effingerstrasse 20, 3003 Berna[\/vc_column_text][uncode_list icon=&#8221;fa fa-chevron-right&#8221; icon_color=&#8221;color-144008&#8243; uncode_shortcode_id=&#8221;100870&#8243; icon_color_type=&#8221;uncode-palette&#8221;]<\/p>\n<ul>\n<li style=\"list-style-type: none;\">\n<ul>\n<li><strong>Doris L\u00dcTHI<\/strong>, Responsabile Stato maggiore AI, UFAS (Caposettore)<\/li>\n<li><strong>vacante<\/strong>, UFAS, Ambitio AI<\/li>\n<li><strong>Olivier BARRAUD<\/strong>, Direttore Ufficio AI Cantone Vaud (datore di lavoro dei dipendenti del CFAI)<\/li>\n<li><strong>Rolf BORN<\/strong>, Responsabile unit\u00e0 IV WAS Lucerna<\/li>\n<li><strong>Karin FIECHTER-JAEGGI<\/strong>, Direttrice Ufficio AI Solothurn<\/li>\n<li><strong>Monica MAESTRI<\/strong>, Direttrice Ufficio AI Ticino<\/li>\n<li><strong>Helen MONIOUDIS<\/strong>, Direttrice, Sicurezza sociale Glarona<\/li>\n<li><strong>Nicolas ROBERT<\/strong>, Direttore Ufficio AI Friburgo<\/li>\n<\/ul>\n<\/li>\n<\/ul>\n<p>[\/uncode_list][uncode_list icon=&#8221;fa fa-chevron-right&#8221; icon_color=&#8221;color-144008&#8243; uncode_shortcode_id=&#8221;867632&#8243; icon_color_type=&#8221;uncode-palette&#8221;]<\/p>\n<ul>\n<li style=\"list-style-type: none;\">\n<ul>\n<li><strong>Marco LEUTWILER<\/strong>, Responsabile Centro di formazione AI<\/li>\n<\/ul>\n<\/li>\n<\/ul>\n<p>[\/uncode_list][\/vc_column][\/vc_row][vc_row row_height_percent=&#8221;0&#8243; override_padding=&#8221;yes&#8221; h_padding=&#8221;2&#8243; top_padding=&#8221;2&#8243; bottom_padding=&#8221;0&#8243; overlay_alpha=&#8221;50&#8243; gutter_size=&#8221;3&#8243; column_width_percent=&#8221;100&#8243; shift_y=&#8221;0&#8243; z_index=&#8221;0&#8243;][vc_column width=&#8221;1\/1&#8243;][vc_custom_heading heading_semantic=&#8221;h3&#8243; text_size=&#8221;h3&#8243; uncode_shortcode_id=&#8221;135198&#8243;]Relazioni annuali[\/vc_custom_heading][\/vc_column][\/vc_row][vc_row row_height_percent=&#8221;0&#8243; override_padding=&#8221;yes&#8221; h_padding=&#8221;2&#8243; top_padding=&#8221;2&#8243; bottom_padding=&#8221;3&#8243; overlay_alpha=&#8221;50&#8243; gutter_size=&#8221;4&#8243; column_width_percent=&#8221;100&#8243; shift_y=&#8221;0&#8243; z_index=&#8221;0&#8243;][vc_column column_width_percent=&#8221;100&#8243; position_horizontal=&#8221;left&#8221; gutter_size=&#8221;2&#8243; override_padding=&#8221;yes&#8221; column_padding=&#8221;2&#8243; overlay_alpha=&#8221;50&#8243; shift_x=&#8221;0&#8243; shift_y=&#8221;0&#8243; shift_y_down=&#8221;0&#8243; z_index=&#8221;0&#8243; medium_width=&#8221;0&#8243; mobile_width=&#8221;0&#8243; radius=&#8221;sm&#8221; shadow=&#8221;std&#8221; width=&#8221;1\/4&#8243;][vc_single_image media=&#8221;6339&#8243; media_width_percent=&#8221;100&#8243; shape=&#8221;img-round&#8221; border=&#8221;yes&#8221; uncode_shortcode_id=&#8221;106778&#8243; media_link=&#8221;url:https%3A%2F%2Fcfai-bziv.ch%2Fit%2Frelazione-annuale-2024%2F|target:_blank&#8221;][vc_custom_heading heading_semantic=&#8221;h4&#8243; text_size=&#8221;h4&#8243; uncode_shortcode_id=&#8221;183078&#8243;]2024<\/p>\n<p>[\/vc_custom_heading][vc_button button_color=&#8221;accent&#8221; wide=&#8221;yes&#8221; hover_fx=&#8221;outlined&#8221; outline=&#8221;yes&#8221; border_width=&#8221;0&#8243; scale_mobile=&#8221;no&#8221; icon=&#8221;fa fa-download&#8221; link=&#8221;url:https%3A%2F%2Fcfai-bziv.ch%2Fwp-content%2Fuploads%2F2025%2F06%2FRelazione-annuale-2024-2.pdf|target:_blank&#8221; button_color_type=&#8221;uncode-palette&#8221; uncode_shortcode_id=&#8221;234977&#8243;]Scaricare[\/vc_button][\/vc_column][vc_column column_width_percent=&#8221;100&#8243; gutter_size=&#8221;2&#8243; override_padding=&#8221;yes&#8221; column_padding=&#8221;2&#8243; overlay_alpha=&#8221;50&#8243; shift_x=&#8221;0&#8243; shift_y=&#8221;0&#8243; shift_y_down=&#8221;0&#8243; z_index=&#8221;0&#8243; medium_width=&#8221;0&#8243; mobile_width=&#8221;0&#8243; radius=&#8221;sm&#8221; shadow=&#8221;std&#8221; width=&#8221;1\/4&#8243;][vc_single_image media=&#8221;5581&#8243; media_width_percent=&#8221;100&#8243; shape=&#8221;img-round&#8221; border=&#8221;yes&#8221; uncode_shortcode_id=&#8221;158750&#8243;][vc_custom_heading heading_semantic=&#8221;h4&#8243; text_size=&#8221;h4&#8243; uncode_shortcode_id=&#8221;986510&#8243;]2023[\/vc_custom_heading][vc_button button_color=&#8221;accent&#8221; wide=&#8221;yes&#8221; hover_fx=&#8221;outlined&#8221; outline=&#8221;yes&#8221; border_width=&#8221;0&#8243; scale_mobile=&#8221;no&#8221; icon=&#8221;fa fa-download&#8221; link=&#8221;url:https%3A%2F%2Fcfai-bziv.ch%2Fwp-content%2Fuploads%2F2024%2F06%2FRapport-2023_web-1.pdf|target:_blank&#8221; button_color_type=&#8221;uncode-palette&#8221; uncode_shortcode_id=&#8221;189129&#8243;]Scaricare[\/vc_button][\/vc_column][vc_column column_width_percent=&#8221;100&#8243; position_horizontal=&#8221;left&#8221; gutter_size=&#8221;2&#8243; override_padding=&#8221;yes&#8221; column_padding=&#8221;2&#8243; overlay_alpha=&#8221;50&#8243; shift_x=&#8221;0&#8243; shift_y=&#8221;0&#8243; shift_y_down=&#8221;0&#8243; z_index=&#8221;0&#8243; medium_width=&#8221;0&#8243; mobile_width=&#8221;0&#8243; radius=&#8221;sm&#8221; shadow=&#8221;std&#8221; width=&#8221;1\/4&#8243; uncode_shortcode_id=&#8221;121761&#8243;][vc_single_image media=&#8221;4893&#8243; media_width_percent=&#8221;100&#8243; shape=&#8221;img-round&#8221; border=&#8221;yes&#8221; uncode_shortcode_id=&#8221;131786&#8243;][vc_custom_heading heading_semantic=&#8221;h4&#8243; text_size=&#8221;h4&#8243; uncode_shortcode_id=&#8221;769170&#8243;]2022[\/vc_custom_heading][vc_button button_color=&#8221;accent&#8221; wide=&#8221;yes&#8221; hover_fx=&#8221;outlined&#8221; outline=&#8221;yes&#8221; border_width=&#8221;0&#8243; scale_mobile=&#8221;no&#8221; icon=&#8221;fa fa-download&#8221; link=&#8221;url:https%3A%2F%2Fcfai-bziv.ch%2Fwp-content%2Fuploads%2F2023%2F06%2FRapport-2022_web-2.pdf|target:_blank&#8221; button_color_type=&#8221;uncode-palette&#8221; uncode_shortcode_id=&#8221;108360&#8243;]Scaricare[\/vc_button][\/vc_column][vc_column column_width_percent=&#8221;100&#8243; gutter_size=&#8221;2&#8243; override_padding=&#8221;yes&#8221; column_padding=&#8221;2&#8243; overlay_alpha=&#8221;50&#8243; shift_x=&#8221;0&#8243; shift_y=&#8221;0&#8243; shift_y_down=&#8221;0&#8243; z_index=&#8221;0&#8243; medium_width=&#8221;0&#8243; mobile_width=&#8221;0&#8243; radius=&#8221;sm&#8221; shadow=&#8221;std&#8221; width=&#8221;1\/4&#8243;][vc_single_image media=&#8221;4072&#8243; media_width_percent=&#8221;100&#8243; shape=&#8221;img-round&#8221; border=&#8221;yes&#8221; uncode_shortcode_id=&#8221;761953&#8243;][vc_custom_heading heading_semantic=&#8221;h4&#8243; text_size=&#8221;h4&#8243; uncode_shortcode_id=&#8221;208493&#8243;]2021[\/vc_custom_heading][vc_button button_color=&#8221;accent&#8221; wide=&#8221;yes&#8221; hover_fx=&#8221;outlined&#8221; outline=&#8221;yes&#8221; border_width=&#8221;0&#8243; scale_mobile=&#8221;no&#8221; icon=&#8221;fa fa-download&#8221; link=&#8221;url:https%3A%2F%2Fcfai-bziv.ch%2Fwp-content%2Fuploads%2F2022%2F07%2FRapport-2021_web.pdf|target:_blank&#8221; button_color_type=&#8221;uncode-palette&#8221; uncode_shortcode_id=&#8221;965862&#8243;]Scaricare[\/vc_button][\/vc_column][\/vc_row][vc_row row_height_percent=&#8221;0&#8243; overlay_alpha=&#8221;50&#8243; gutter_size=&#8221;3&#8243; column_width_percent=&#8221;100&#8243; shift_y=&#8221;0&#8243; z_index=&#8221;0&#8243;][vc_column column_width_percent=&#8221;100&#8243; gutter_size=&#8221;3&#8243; overlay_alpha=&#8221;50&#8243; shift_x=&#8221;0&#8243; shift_y=&#8221;0&#8243; shift_y_down=&#8221;0&#8243; z_index=&#8221;0&#8243; medium_width=&#8221;0&#8243; mobile_width=&#8221;0&#8243; width=&#8221;1\/3&#8243;][vc_single_image media=&#8221;3299&#8243; media_width_percent=&#8221;30&#8243; media_ratio=&#8221;one-one&#8221; alignment=&#8221;right&#8221; uncode_shortcode_id=&#8221;130955&#8243;][\/vc_column][vc_column width=&#8221;1\/3&#8243;][vc_column_text text_lead=&#8221;yes&#8221; uncode_shortcode_id=&#8221;186496&#8243;][\/vc_column_text][vc_button button_color=&#8221;color-144008&#8243; size=&#8221;btn-xl&#8221; border_animation=&#8221;btn-ripple-out&#8221; outline=&#8221;yes&#8221; shadow=&#8221;yes&#8221; border_width=&#8221;0&#8243; link=&#8221;url:https%3A%2F%2Fcfai-bziv.ch%2Fit%2F25ans_webtoon%2F|title:CFAI-BZIV%20webtoon|target:_blank&#8221; button_color_type=&#8221;uncode-palette&#8221; width=&#8221;267&#8243; uncode_shortcode_id=&#8221;678473&#8243;]25 anni di storia del CFAI | webtoon [\/vc_button][\/vc_column][vc_column width=&#8221;1\/3&#8243;][\/vc_column][\/vc_row][vc_row row_height_percent=&#8221;0&#8243; override_padding=&#8221;yes&#8221; h_padding=&#8221;2&#8243; top_padding=&#8221;2&#8243; bottom_padding=&#8221;3&#8243; overlay_alpha=&#8221;50&#8243; gutter_size=&#8221;4&#8243; column_width_percent=&#8221;100&#8243; shift_y=&#8221;0&#8243; z_index=&#8221;0&#8243;][vc_column column_width_percent=&#8221;100&#8243; position_vertical=&#8221;middle&#8221; gutter_size=&#8221;3&#8243; overlay_alpha=&#8221;50&#8243; shift_x=&#8221;0&#8243; shift_y=&#8221;0&#8243; shift_y_down=&#8221;0&#8243; z_index=&#8221;0&#8243; medium_width=&#8221;0&#8243; mobile_width=&#8221;0&#8243; width=&#8221;2\/3&#8243;][vc_single_image media=&#8221;446&#8243; media_width_use_pixel=&#8221;yes&#8221; media_width_pixel=&#8221;100&#8243;][vc_custom_heading heading_semantic=&#8221;h3&#8243; text_size=&#8221;h3&#8243; uncode_shortcode_id=&#8221;203008&#8243;]I nostri formatori e formatrici[\/vc_custom_heading][vc_column_text uncode_shortcode_id=&#8221;712826&#8243;]Il CFAI offre pi\u00f9 di 300 sessioni di formazione all&#8217;anno in vari settori, in francese e\/o tedesco. Alcuni corsi si svolgono in italiano.<\/p>\n<p>Questi corsi sono impartiti da pi\u00f9 di 100 formatori interni o esterni, esperti nel loro ambito.<\/p>\n<p>Conferenze e corsi specifici sono offerti ai formatori e alle formatrici interni dell&#8217;AI in modo che possano acquisire o migliorare le loro competenze come formatori di adulti.[\/vc_column_text][\/vc_column][vc_column width=&#8221;1\/3&#8243;][\/vc_column][\/vc_row][vc_row][vc_column width=&#8221;2\/3&#8243;][vc_single_image media=&#8221;312&#8243; media_width_use_pixel=&#8221;yes&#8221; media_width_pixel=&#8221;100&#8243;][vc_custom_heading heading_semantic=&#8221;h3&#8243; text_size=&#8221;h3&#8243; uncode_shortcode_id=&#8221;885291&#8243;]Le nostre certificazioni[\/vc_custom_heading][vc_column_text uncode_shortcode_id=&#8221;572809&#8243;]Il CFAI offre tre tipi di certificazione :<\/p>\n<ul>\n<li>Formatore-Formatrice CFAI<\/li>\n<li>Medico SMR<\/li>\n<li>Gestore LFA o investigatore LFA<\/li>\n<\/ul>\n<p>[\/vc_column_text][\/vc_column][vc_column width=&#8221;1\/3&#8243;][\/vc_column][\/vc_row][vc_row][vc_column column_width_percent=&#8221;100&#8243; gutter_size=&#8221;3&#8243; override_padding=&#8221;yes&#8221; column_padding=&#8221;2&#8243; back_color=&#8221;color-xsdn&#8221; overlay_alpha=&#8221;50&#8243; shift_x=&#8221;0&#8243; shift_y=&#8221;0&#8243; shift_y_down=&#8221;0&#8243; z_index=&#8221;0&#8243; medium_width=&#8221;0&#8243; mobile_width=&#8221;0&#8243; radius=&#8221;sm&#8221; shadow=&#8221;std&#8221; width=&#8221;1\/3&#8243;][vc_custom_heading heading_semantic=&#8221;h4&#8243; text_size=&#8221;h4&#8243; uncode_shortcode_id=&#8221;187427&#8243;]Certificazione formatore-formatrice CFAI[\/vc_custom_heading][vc_separator sep_color=&#8221;color-144008&#8243; el_width=&#8221;100px&#8221; el_height=&#8221;3px&#8221;][uncode_list icon=&#8221;fa fa-chevron-right&#8221; icon_color=&#8221;color-144008&#8243; el_class=&#8221;list&#8221; uncode_shortcode_id=&#8221;148498&#8243; icon_color_type=&#8221;uncode-palette&#8221;]<\/p>\n<ul>\n<li>valorizzare il lavoro di formatore e formatrice<\/li>\n<li>permettere ai nuovi formatori e formatrici di acquisire le competenze\/conoscenze relative alla formazione degli adulti<\/li>\n<li>permettere ai formatori e alle formatrici esperti di mantenere o acquisire nuove conoscenze rispetto al mondo dell&#8217;educazione e della formazione degli adulti<\/li>\n<li>permettere ai formatori e alle formatrici di prendere confidenza con le nuove tecnologie didattiche<\/li>\n<li>garantire un livello di formazione di qualit\u00e0 (professionalit\u00e0) promuovendo al contempo l&#8217;efficienza delle formazioni e incentivando lo sviluppo individuale del partecipante<\/li>\n<li>stimolare la condivisione di conoscenze, know-how ed esperienze tra formatori e formatrici<\/li>\n<\/ul>\n<p>[\/uncode_list][\/vc_column][vc_column column_width_percent=&#8221;100&#8243; gutter_size=&#8221;3&#8243; override_padding=&#8221;yes&#8221; column_padding=&#8221;2&#8243; overlay_alpha=&#8221;50&#8243; shift_x=&#8221;0&#8243; shift_y=&#8221;0&#8243; shift_y_down=&#8221;0&#8243; z_index=&#8221;0&#8243; medium_width=&#8221;0&#8243; mobile_width=&#8221;0&#8243; radius=&#8221;sm&#8221; shadow=&#8221;std&#8221; width=&#8221;1\/3&#8243;][vc_custom_heading heading_semantic=&#8221;h4&#8243; text_size=&#8221;h4&#8243; uncode_shortcode_id=&#8221;183929&#8243;]Certificazione dei medici SMR[\/vc_custom_heading][vc_separator sep_color=&#8221;color-144008&#8243; el_width=&#8221;100px&#8221; el_height=&#8221;3px&#8221;][uncode_list icon=&#8221;fa fa-chevron-right&#8221; icon_color=&#8221;color-144008&#8243; el_class=&#8221;list&#8221; uncode_shortcode_id=&#8221;206485&#8243; icon_color_type=&#8221;uncode-palette&#8221;]<\/p>\n<ul>\n<li>garantire la qualit\u00e0 della formazione di base e continua dei medici SMR<\/li>\n<li>ottenere un migliore riconoscimento dei medici SMR da parte di organismi esterni all&#8217;AI (ad esempio i tribunali)<\/li>\n<li>promuovere un&#8217;immagine positiva dei medici SMR tra i loro colleghi esterni<\/li>\n<li>valorizzare lo status interno del medico SMR<\/li>\n<\/ul>\n<p>[\/uncode_list][vc_button button_color=&#8221;accent&#8221; hover_fx=&#8221;outlined&#8221; outline=&#8221;yes&#8221; border_width=&#8221;0&#8243; scale_mobile=&#8221;no&#8221; width=&#8221;267&#8243; icon=&#8221;fa fa-download&#8221; link=&#8221;url:https%3A%2F%2Fcfai-bziv.ch%2Fwp-content%2Fuploads%2F2021%2F03%2FCertification_Medecins_SMR-Info_F_Externe_210323.pdf|title:Certification%20m%C3%A9decin%20SMR%20-%20Info%20externe|target:_blank&#8221; button_color_type=&#8221;uncode-palette&#8221; uncode_shortcode_id=&#8221;150166&#8243;]Scarica la documentazione in francese[\/vc_button][\/vc_column][vc_column column_width_percent=&#8221;100&#8243; gutter_size=&#8221;3&#8243; back_color=&#8221;color-xsdn&#8221; overlay_alpha=&#8221;50&#8243; shift_x=&#8221;0&#8243; shift_y=&#8221;0&#8243; shift_y_down=&#8221;0&#8243; z_index=&#8221;0&#8243; medium_width=&#8221;0&#8243; mobile_width=&#8221;0&#8243; radius=&#8221;sm&#8221; shadow=&#8221;std&#8221; width=&#8221;1\/3&#8243; uncode_shortcode_id=&#8221;799455&#8243; back_color_type=&#8221;uncode-palette&#8221;][vc_custom_heading heading_semantic=&#8221;h4&#8243; text_size=&#8221;h4&#8243; uncode_shortcode_id=&#8221;103054&#8243;]Certificazione delle collaboratrici e dei collaboratori LFA[\/vc_custom_heading][vc_separator sep_color=&#8221;color-144008&#8243; el_width=&#8221;100px&#8221; el_height=&#8221;3px&#8221;][uncode_list icon=&#8221;fa fa-chevron-right&#8221; icon_color=&#8221;color-144008&#8243; el_class=&#8221;list&#8221; uncode_shortcode_id=&#8221;182155&#8243; icon_color_type=&#8221;uncode-palette&#8221;]<\/p>\n<ul>\n<li>valorizzare il lavoro della collaboratrice e del collaboratore LFA<\/li>\n<li>permettere alle nuove collaboratrici e ai nuovi collaboratori LFA di acquistare le competenze\/conoscenze relative al settore LFA<\/li>\n<li>permettere alle collaboratrici e ai collaboratori LFA esperti di ottenere una convalida delle loro formazioni in questo campo<\/li>\n<li>garantire un elevato standard di formazione (professionalit\u00e0), promuovendo al contempo l&#8217;efficienza e incentivando lo sviluppo individuale della collaboratrice e del collaboratore LFA<\/li>\n<li>stimolare l condivisione di conoscenze, know-how ed esperienze tra le collaboratrici e i collaboratori LFA dei vari Uffici<\/li>\n<\/ul>\n<p>[\/uncode_list][\/vc_column][\/vc_row][vc_row][vc_column width=&#8221;2\/3&#8243;][vc_single_image media=&#8221;310&#8243; media_width_use_pixel=&#8221;yes&#8221; media_width_pixel=&#8221;100&#8243;][vc_custom_heading heading_semantic=&#8221;h3&#8243; text_size=&#8221;h3&#8243; uncode_shortcode_id=&#8221;743435&#8243;]Le nostre collaborazioni[\/vc_custom_heading][vc_column_text uncode_shortcode_id=&#8221;202645&#8243;]Il CFAI collabora con la Scuola universitaria professionale bernese per i moduli dei corsi Case Management e CAS Case Management.<\/p>\n<p>Il CFAI collabora con la Scuola universitaria professionale della Svizzera nordoccidentale (FHNW) per il CAS &#8220;Case Management I&#8221;.<\/p>\n<p>Il CFAI collabora con la Scuola universitaria di lavoro sociale di Friburgo e con la Scuola universitaria di Ginevra per il CAS \u201cSp\u00e9cialiste en insertion professionnelle\u201d.[\/vc_column_text][\/vc_column][vc_column width=&#8221;1\/3&#8243;][\/vc_column][\/vc_row][vc_row][vc_column column_width_percent=&#8221;100&#8243; gutter_size=&#8221;3&#8243; override_padding=&#8221;yes&#8221; column_padding=&#8221;2&#8243; overlay_alpha=&#8221;50&#8243; shift_x=&#8221;0&#8243; shift_y=&#8221;0&#8243; shift_y_down=&#8221;0&#8243; z_index=&#8221;0&#8243; medium_width=&#8221;0&#8243; mobile_width=&#8221;0&#8243; radius=&#8221;sm&#8221; shadow=&#8221;std&#8221; width=&#8221;1\/3&#8243;][vc_custom_heading heading_semantic=&#8221;h4&#8243; text_size=&#8221;h4&#8243; uncode_shortcode_id=&#8221;173450&#8243;]CAS case management<\/p>\n<p>Corso proposto in collaborazione con la Scuola universitaria professionale bernese (BFH).[\/vc_custom_heading][vc_separator sep_color=&#8221;color-144008&#8243; el_width=&#8221;100px&#8221; el_height=&#8221;3px&#8221;][vc_column_text uncode_shortcode_id=&#8221;718986&#8243;]I corsi 3375 Case Management (8 giorni) e il 3376 CAS Case Management Advanced Module (10 giorni) offrono conoscenze approfondite per i professionisti della riabilitazione coinvolti nel processo di Case Management e reintegrazione.<\/p>\n<p>Gli studenti sono consapevoli della rilevanza del legame tra Case Management e System Management e hanno una solida conoscenza del Project Management per essere in grato di realizzare la gestione dei processi e l&#8217;implementazione del Case Management nella pratica.<\/p>\n<p>Gli studenti sono in grado di contribuire al miglioramento del sistema, dell&#8217;efficienza e dell&#8217;efficacia dei servizi e all&#8217;ottimizzazione dei sistemi di assistenza.[\/vc_column_text][\/vc_column][vc_column column_width_percent=&#8221;100&#8243; gutter_size=&#8221;3&#8243; override_padding=&#8221;yes&#8221; column_padding=&#8221;2&#8243; overlay_alpha=&#8221;50&#8243; shift_x=&#8221;0&#8243; shift_y=&#8221;0&#8243; shift_y_down=&#8221;0&#8243; z_index=&#8221;0&#8243; medium_width=&#8221;0&#8243; mobile_width=&#8221;0&#8243; radius=&#8221;sm&#8221; shadow=&#8221;std&#8221; width=&#8221;1\/3&#8243; uncode_shortcode_id=&#8221;320832&#8243;][vc_custom_heading heading_semantic=&#8221;h4&#8243; text_size=&#8221;h4&#8243; uncode_shortcode_id=&#8221;458912&#8243;]Il CAS \u201cCase Management I\u201d Corso proposto in collaborazione con la Scuola universitaria professionale della Svizzera nordoccidentale (FHNW).[\/vc_custom_heading][vc_separator sep_color=&#8221;color-144008&#8243; uncode_shortcode_id=&#8221;123790&#8243; sep_color_type=&#8221;uncode-palette&#8221; el_width=&#8221;100px&#8221; el_height=&#8221;3px&#8221;][vc_column_text uncode_shortcode_id=&#8221;153575&#8243;]Il corso 3385 CAS \u201cCase Management I\u201d offre ai professionisti che lavorano nel campo dell\u2019integrazione la possibilit\u00e0 di acquisire conoscenze approfondite.<br \/>\nIl corso permette di strutturare e organizzare i processi di reintegrazione partendo dai singoli casi. Un\u2019attenzione particolare \u00e8 rivolta all\u2019adattamento e all\u2019adeguamento dei contesti istituzionali e organizzativi.[\/vc_column_text][\/vc_column][vc_column column_width_percent=&#8221;100&#8243; gutter_size=&#8221;3&#8243; override_padding=&#8221;yes&#8221; column_padding=&#8221;2&#8243; overlay_alpha=&#8221;50&#8243; shift_x=&#8221;0&#8243; shift_y=&#8221;0&#8243; shift_y_down=&#8221;0&#8243; z_index=&#8221;0&#8243; medium_width=&#8221;0&#8243; mobile_width=&#8221;0&#8243; radius=&#8221;sm&#8221; shadow=&#8221;std&#8221; width=&#8221;1\/3&#8243; uncode_shortcode_id=&#8221;394189&#8243;][vc_custom_heading heading_semantic=&#8221;h4&#8243; text_size=&#8221;h4&#8243; uncode_shortcode_id=&#8221;455959&#8243;]Il CAS di \u201cSp\u00e9cialiste en insertion professionnelle\u201d Corso proposto in collaborazione con la Scuola universitaria di lavoro sociale di Friburgo e con la Scuola universitaria di Ginevra.[\/vc_custom_heading][vc_separator sep_color=&#8221;color-144008&#8243; uncode_shortcode_id=&#8221;140974&#8243; sep_color_type=&#8221;uncode-palette&#8221; el_width=&#8221;100px&#8221; el_height=&#8221;3px&#8221;][vc_column_text uncode_shortcode_id=&#8221;900979&#8243;]Il corso 3385 CAS \u201cSp\u00e9cialiste en insertion professionnelle\u201d (21 giorni) prepara ai mestieri di consulenza e di assistenza all\u2019integrazione professionale. Fornisce una visione della cultura professionale specifica a mestiere di consulente nel settore dell\u2019integrazione professionale.<\/p>\n<p>Gli obbiettivi della formazione sono diversi:<\/p>\n<ul>\n<li>Comprendere la problematica dell\u2019integrazione nella sua complessit\u00e0, i processi di esclusione nonch\u00e9, le modalit\u00e0 di accesso al mercato del lavoro e lo sviluppo di politiche sociali intese o finalizzate all\u2019integrazione socioprofessionale.<\/li>\n<li>Utilizzare strumenti per sostenere individui o gruppi nel loro percorso di integrazione, considerando il contesto, le reti e collaborazioni professionali, nonch\u00e9 le risorse e i vincoli coinvolti.<\/li>\n<li>Sviluppare una posizione professionale, etica e riflessiva, in grato di contribuire alla realizzazione di progetti innovativi e adeguati al contesto in cui vengono attuati.<\/li>\n<\/ul>\n<p>[\/vc_column_text][\/vc_column][\/vc_row]<\/p>\n<\/div>","protected":false},"excerpt":{"rendered":"<p>[vc_row row_height_percent=&#8221;0&#8243; override_padding=&#8221;yes&#8221; h_padding=&#8221;2&#8243; top_padding=&#8221;3&#8243; bottom_padding=&#8221;2&#8243; overlay_alpha=&#8221;50&#8243; gutter_size=&#8221;3&#8243; column_width_percent=&#8221;100&#8243; shift_y=&#8221;0&#8243; z_index=&#8221;0&#8243;][vc_column column_width_percent=&#8221;100&#8243; position_horizontal=&#8221;left&#8221; gutter_size=&#8221;3&#8243; overlay_alpha=&#8221;50&#8243; shift_x=&#8221;0&#8243; shift_y=&#8221;0&#8243; shift_y_down=&#8221;0&#8243; z_index=&#8221;0&#8243; medium_width=&#8221;0&#8243; [&hellip;]<\/p>\n","protected":false},"author":2,"featured_media":0,"parent":0,"menu_order":0,"comment_status":"closed","ping_status":"closed","template":"","meta":{"footnotes":""},"class_list":["post-723","page","type-page","status-publish","hentry","page_category-nous-3"],"yoast_head":"<!-- This site is optimized with the Yoast SEO plugin v27.5 - https:\/\/yoast.com\/product\/yoast-seo-wordpress\/ -->\n<title>Centro di formazione AI - Chi siamo<\/title>\n<meta name=\"description\" content=\"Il CFAI \u00e8 il centro nazionale di formazione dei collaboratori\u00a0degli uffici AI (assicurazione-invalidit\u00e0) e dei suoi partner\u00a0\" \/>\n<meta name=\"robots\" content=\"index, follow, max-snippet:-1, max-image-preview:large, max-video-preview:-1\" \/>\n<link rel=\"canonical\" href=\"https:\/\/cfai-bziv.ch\/it\/a-propos\/\" \/>\n<meta property=\"og:locale\" content=\"it_IT\" \/>\n<meta property=\"og:type\" content=\"article\" \/>\n<meta property=\"og:title\" content=\"Centro di formazione AI - Chi siamo\" \/>\n<meta property=\"og:description\" content=\"Il CFAI \u00e8 il centro nazionale di formazione dei collaboratori\u00a0degli uffici AI (assicurazione-invalidit\u00e0) e dei suoi partner\u00a0\" \/>\n<meta property=\"og:url\" content=\"https:\/\/cfai-bziv.ch\/it\/a-propos\/\" \/>\n<meta property=\"og:site_name\" content=\"Centre de formation AI\" \/>\n<meta property=\"article:modified_time\" content=\"2025-06-12T09:03:26+00:00\" \/>\n<meta name=\"twitter:card\" content=\"summary_large_image\" \/>\n<meta name=\"twitter:label1\" content=\"Tempo di lettura stimato\" \/>\n\t<meta name=\"twitter:data1\" content=\"8 minuti\" \/>\n<script type=\"application\/ld+json\" class=\"yoast-schema-graph\">{\"@context\":\"https:\\\/\\\/schema.org\",\"@graph\":[{\"@type\":\"WebPage\",\"@id\":\"https:\\\/\\\/cfai-bziv.ch\\\/it\\\/a-propos\\\/\",\"url\":\"https:\\\/\\\/cfai-bziv.ch\\\/it\\\/a-propos\\\/\",\"name\":\"Centro di formazione AI - Chi siamo\",\"isPartOf\":{\"@id\":\"https:\\\/\\\/cfai-bziv.ch\\\/it\\\/#website\"},\"datePublished\":\"2020-12-09T08:37:10+00:00\",\"dateModified\":\"2025-06-12T09:03:26+00:00\",\"description\":\"Il CFAI \u00e8 il centro nazionale di formazione dei collaboratori\u00a0degli uffici AI (assicurazione-invalidit\u00e0) e dei suoi partner\u00a0\",\"breadcrumb\":{\"@id\":\"https:\\\/\\\/cfai-bziv.ch\\\/it\\\/a-propos\\\/#breadcrumb\"},\"inLanguage\":\"it-IT\",\"potentialAction\":[{\"@type\":\"ReadAction\",\"target\":[\"https:\\\/\\\/cfai-bziv.ch\\\/it\\\/a-propos\\\/\"]}]},{\"@type\":\"BreadcrumbList\",\"@id\":\"https:\\\/\\\/cfai-bziv.ch\\\/it\\\/a-propos\\\/#breadcrumb\",\"itemListElement\":[{\"@type\":\"ListItem\",\"position\":1,\"name\":\"Accueil\",\"item\":\"https:\\\/\\\/cfai-bziv.ch\\\/it\\\/\"},{\"@type\":\"ListItem\",\"position\":2,\"name\":\"Chi siamo\"}]},{\"@type\":\"WebSite\",\"@id\":\"https:\\\/\\\/cfai-bziv.ch\\\/it\\\/#website\",\"url\":\"https:\\\/\\\/cfai-bziv.ch\\\/it\\\/\",\"name\":\"Centre de formation AI\",\"description\":\"CFAI - BZIV\",\"potentialAction\":[{\"@type\":\"SearchAction\",\"target\":{\"@type\":\"EntryPoint\",\"urlTemplate\":\"https:\\\/\\\/cfai-bziv.ch\\\/it\\\/?s={search_term_string}\"},\"query-input\":{\"@type\":\"PropertyValueSpecification\",\"valueRequired\":true,\"valueName\":\"search_term_string\"}}],\"inLanguage\":\"it-IT\"}]}<\/script>\n<!-- \/ Yoast SEO plugin. -->","yoast_head_json":{"title":"Centro di formazione AI - Chi siamo","description":"Il CFAI \u00e8 il centro nazionale di formazione dei collaboratori\u00a0degli uffici AI (assicurazione-invalidit\u00e0) e dei suoi partner\u00a0","robots":{"index":"index","follow":"follow","max-snippet":"max-snippet:-1","max-image-preview":"max-image-preview:large","max-video-preview":"max-video-preview:-1"},"canonical":"https:\/\/cfai-bziv.ch\/it\/a-propos\/","og_locale":"it_IT","og_type":"article","og_title":"Centro di formazione AI - Chi siamo","og_description":"Il CFAI \u00e8 il centro nazionale di formazione dei collaboratori\u00a0degli uffici AI (assicurazione-invalidit\u00e0) e dei suoi partner\u00a0","og_url":"https:\/\/cfai-bziv.ch\/it\/a-propos\/","og_site_name":"Centre de formation AI","article_modified_time":"2025-06-12T09:03:26+00:00","twitter_card":"summary_large_image","twitter_misc":{"Tempo di lettura stimato":"8 minuti"},"schema":{"@context":"https:\/\/schema.org","@graph":[{"@type":"WebPage","@id":"https:\/\/cfai-bziv.ch\/it\/a-propos\/","url":"https:\/\/cfai-bziv.ch\/it\/a-propos\/","name":"Centro di formazione AI - Chi siamo","isPartOf":{"@id":"https:\/\/cfai-bziv.ch\/it\/#website"},"datePublished":"2020-12-09T08:37:10+00:00","dateModified":"2025-06-12T09:03:26+00:00","description":"Il CFAI \u00e8 il centro nazionale di formazione dei collaboratori\u00a0degli uffici AI (assicurazione-invalidit\u00e0) e dei suoi partner\u00a0","breadcrumb":{"@id":"https:\/\/cfai-bziv.ch\/it\/a-propos\/#breadcrumb"},"inLanguage":"it-IT","potentialAction":[{"@type":"ReadAction","target":["https:\/\/cfai-bziv.ch\/it\/a-propos\/"]}]},{"@type":"BreadcrumbList","@id":"https:\/\/cfai-bziv.ch\/it\/a-propos\/#breadcrumb","itemListElement":[{"@type":"ListItem","position":1,"name":"Accueil","item":"https:\/\/cfai-bziv.ch\/it\/"},{"@type":"ListItem","position":2,"name":"Chi siamo"}]},{"@type":"WebSite","@id":"https:\/\/cfai-bziv.ch\/it\/#website","url":"https:\/\/cfai-bziv.ch\/it\/","name":"Centre de formation AI","description":"CFAI - BZIV","potentialAction":[{"@type":"SearchAction","target":{"@type":"EntryPoint","urlTemplate":"https:\/\/cfai-bziv.ch\/it\/?s={search_term_string}"},"query-input":{"@type":"PropertyValueSpecification","valueRequired":true,"valueName":"search_term_string"}}],"inLanguage":"it-IT"}]}},"_links":{"self":[{"href":"https:\/\/cfai-bziv.ch\/it\/wp-json\/wp\/v2\/pages\/723","targetHints":{"allow":["GET"]}}],"collection":[{"href":"https:\/\/cfai-bziv.ch\/it\/wp-json\/wp\/v2\/pages"}],"about":[{"href":"https:\/\/cfai-bziv.ch\/it\/wp-json\/wp\/v2\/types\/page"}],"author":[{"embeddable":true,"href":"https:\/\/cfai-bziv.ch\/it\/wp-json\/wp\/v2\/users\/2"}],"replies":[{"embeddable":true,"href":"https:\/\/cfai-bziv.ch\/it\/wp-json\/wp\/v2\/comments?post=723"}],"version-history":[{"count":147,"href":"https:\/\/cfai-bziv.ch\/it\/wp-json\/wp\/v2\/pages\/723\/revisions"}],"predecessor-version":[{"id":6353,"href":"https:\/\/cfai-bziv.ch\/it\/wp-json\/wp\/v2\/pages\/723\/revisions\/6353"}],"wp:attachment":[{"href":"https:\/\/cfai-bziv.ch\/it\/wp-json\/wp\/v2\/media?parent=723"}],"curies":[{"name":"wp","href":"https:\/\/api.w.org\/{rel}","templated":true}]}}